{"id":4098,"date":"2025-02-26T18:10:05","date_gmt":"2025-02-26T17:10:05","guid":{"rendered":"https:\/\/auxvallons.fr\/?page_id=4098"},"modified":"2025-03-18T08:00:01","modified_gmt":"2025-03-18T07:00:01","slug":"gorges-verdon-hike","status":"publish","type":"page","link":"https:\/\/www.auxvallons.fr\/en\/randonnee-gorges-verdon\/","title":{"rendered":"Hiking around the Gorges du Verdon"},"content":{"rendered":"<h2 class=\"wp-block-heading\"><strong><strong><strong>The 3 Most Beautiful Walks in the Verdon: Discovering Spectacular Landscapes<\/strong><\/strong><\/strong><\/h2>\n\n\n\n<div class=\"wp-block-columns alignwide is-layout-flex wp-container-core-columns-is-layout-c617dbaa wp-block-columns-is-layout-flex\" style=\"padding-top:var(--wp--preset--spacing--40);padding-bottom:var(--wp--preset--spacing--40)\" data-block-type=\"core\">\n<div class=\"wp-block-column is-vertically-aligned-center is-layout-flow wp-block-column-is-layout-flow\" style=\"flex-basis:33.38%\" data-block-type=\"core\">\n<p data-block-type=\"core\">The Verdon offers <strong>unforgettable walks<\/strong> between vertiginous gorges, turquoise rivers and breathtaking panoramas, just a stone's throw from your home. <a href=\"\/en\/\">Verdon campsite<\/a>. Le <strong>Blanc-Martel path<\/strong>The most emblematic of the routes, it crosses the Gorges du Verdon over 16 km, with some legendary sections such as the Br\u00e8che Imbert ladder. Visit <strong>sentier du Bastidon<\/strong> offers a wild, balcony-style route with breathtaking views over the river. Further south, hikes around <strong>Quinson<\/strong>These trails, such as the Garde-Canal trail and the Chapelle Sainte-Maxime trail, allow you to explore the Bas Verdon and its historic landscapes. Each trail reveals a unique facet of this natural gem, making the <a href=\"https:\/\/www.auxvallons.fr\/en\/the-verdon\/\" data-type=\"page\" data-id=\"771\">Verdon<\/a> <strong>a paradise for keen walkers<\/strong>.<\/p>\n<\/div>\n\n\n\n<div class=\"wp-block-column is-layout-flow wp-block-column-is-layout-flow\" style=\"flex-basis:33%\" data-block-type=\"core\">\n<div style=\"height:2vw\" aria-hidden=\"true\" class=\"wp-block-spacer\" data-block-type=\"core\"><\/div>\n\n\n\n<div class=\"wp-block-stackable-image stk-block-image has-text-align-left stk-block stk-b55591f\" data-block-id=\"b55591f\"><style>.stk-b55591f {border-top-left-radius:0px !important;border-top-right-radius:0px !important;border-bottom-right-radius:0px !important;border-bottom-left-radius:0px !important;overflow:hidden !important;box-shadow:15px 25px 58px 0px #00000080 !important;}.stk-b55591f .stk-img-wrapper{width:100% !important;height:500px !important;}.stk-b55591f .stk-img-wrapper img{border-radius:0px !important;object-position:48% 55.00000000000001% !important;}<\/style><figure><span class=\"stk-img-wrapper stk-image--shape-stretch\"><img loading=\"lazy\" decoding=\"async\" class=\"stk-img wp-image-4037\" src=\"https:\/\/auxvallons.fr\/wp-content\/uploads\/2025\/02\/le-pont-de-galetas.jpg\" width=\"1600\" height=\"739\" alt=\"aiguines and its castle\" srcset=\"https:\/\/www.auxvallons.fr\/wp-content\/uploads\/2025\/02\/le-pont-de-galetas.jpg 1600w, https:\/\/www.auxvallons.fr\/wp-content\/uploads\/2025\/02\/le-pont-de-galetas-300x139.jpg 300w, https:\/\/www.auxvallons.fr\/wp-content\/uploads\/2025\/02\/le-pont-de-galetas-1024x473.jpg 1024w, https:\/\/www.auxvallons.fr\/wp-content\/uploads\/2025\/02\/le-pont-de-galetas-768x355.jpg 768w, https:\/\/www.auxvallons.fr\/wp-content\/uploads\/2025\/02\/le-pont-de-galetas-1536x709.jpg 1536w, https:\/\/www.auxvallons.fr\/wp-content\/uploads\/2025\/02\/le-pont-de-galetas-500x231.jpg 500w, https:\/\/www.auxvallons.fr\/wp-content\/uploads\/2025\/02\/le-pont-de-galetas-800x370.jpg 800w, https:\/\/www.auxvallons.fr\/wp-content\/uploads\/2025\/02\/le-pont-de-galetas-1280x591.jpg 1280w\" sizes=\"auto, (max-width: 1600px) 100vw, 1600px\" \/><\/span><\/figure><\/div>\n<\/div>\n\n\n\n<div class=\"wp-block-column is-layout-flow wp-block-column-is-layout-flow\" style=\"flex-basis:33.62%\" data-block-type=\"core\">\n<div class=\"wp-block-stackable-image stk-block-image stk-block stk-b7a6d0b\" data-block-id=\"b7a6d0b\"><style>.stk-b7a6d0b {box-shadow:15px 25px 58px 0px #00000080 !important;}.stk-b7a6d0b .stk-img-wrapper{width:100% !important;height:480px !important;}.stk-b7a6d0b .stk-img-wrapper img{object-position:91% 52% !important;}<\/style><figure><span class=\"stk-img-wrapper stk-image--shape-stretch\"><img loading=\"lazy\" decoding=\"async\" class=\"stk-img wp-image-4054\" src=\"https:\/\/auxvallons.fr\/wp-content\/uploads\/2025\/02\/canyonduverdon.jpg\" width=\"800\" height=\"1065\" alt=\"visit to Gaillac\" srcset=\"https:\/\/www.auxvallons.fr\/wp-content\/uploads\/2025\/02\/canyonduverdon.jpg 800w, https:\/\/www.auxvallons.fr\/wp-content\/uploads\/2025\/02\/canyonduverdon-225x300.jpg 225w, https:\/\/www.auxvallons.fr\/wp-content\/uploads\/2025\/02\/canyonduverdon-769x1024.jpg 769w, https:\/\/www.auxvallons.fr\/wp-content\/uploads\/2025\/02\/canyonduverdon-768x1022.jpg 768w, https:\/\/www.auxvallons.fr\/wp-content\/uploads\/2025\/02\/canyonduverdon-500x666.jpg 500w\" sizes=\"auto, (max-width: 800px) 100vw, 800px\" \/><\/span><\/figure><\/div>\n<\/div>\n<\/div>\n\n\n\n<div class=\"wp-block-stackable-image aligncenter stk-block-image has-text-align-center stk-block stk-3212770\" data-block-id=\"3212770\"><style>.stk-3212770 {align-items:center !important;max-width:150px !important;min-width:auto !important;margin-top:30px !important;margin-right:auto !important;margin-bottom:30px !important;margin-left:auto !important;display:flex !important;}<\/style><figure><span class=\"stk-img-wrapper stk-image--shape-stretch\"><img loading=\"lazy\" decoding=\"async\" class=\"stk-img wp-image-311\" src=\"https:\/\/auxvallons.fr\/wp-content\/uploads\/2024\/01\/lavender.png\" width=\"200\" height=\"83\"\/><\/span><\/figure><\/div>\n\n\n\n<div class=\"wp-block-stackable-posts stk-block-posts stk--has-container stk-block stk-d6eff39 is-style-vertical-card\" data-v=\"2\" data-block-id=\"d6eff39\"><style>.stk-d6eff39 .stk-img-wrapper{width:100% !important;height:300px !important;}<\/style><div class=\"stk-inner-blocks stk-content-align stk-d6eff39-column\"><div class=\"stk-block-posts__items\"><div class=\"stk-block-posts__item\"><div class=\"stk-container stk-d6eff39-container stk-hover-parent\"><a href=\"https:\/\/www.auxvallons.fr\/en\/2025\/02\/26\/the-imbut-trail-gorges-du-verdon\/\" class=\"stk-block-posts__image-link\"><\/a><article class=\"stk-container-padding\"><h3 class=\"stk-block-posts__title\"><a href='https:\/\/www.auxvallons.fr\/en\/2025\/02\/26\/the-imbut-trail-gorges-du-verdon\/'>The Imbut trail - Gorges du Verdon<\/a><\/h3><div class=\"stk-block-posts__excerpt\"><p>Le Sentier de l'Imbut: Mythical hike in the heart of the Gorges du Verdon The sentier de l'Imbut is without doubt one of the most impressive hikes in the Verdon. Nestled at the bottom of the Grand Canyon du Verdon, this trail alternates between vertiginous cliffs, narrow passages and grandiose landscapes. \u26a0\ufe0f Caution! This is...<\/p>\n<\/div><a class=\"stk-block-posts__readmore\" href=\"https:\/\/www.auxvallons.fr\/en\/2025\/02\/26\/the-imbut-trail-gorges-du-verdon\/\">It continues here &gt;&gt;<\/a><\/article><\/div><\/div><div class=\"stk-block-posts__item\"><div class=\"stk-container stk-d6eff39-container stk-hover-parent\"><a href=\"https:\/\/www.auxvallons.fr\/en\/2025\/02\/26\/the-bastidon-trail-gorges-du-verdon\/\" class=\"stk-block-posts__image-link\"><\/a><article class=\"stk-container-padding\"><h3 class=\"stk-block-posts__title\"><a href='https:\/\/www.auxvallons.fr\/en\/2025\/02\/26\/the-bastidon-trail-gorges-du-verdon\/'>The Bastidon trail - Gorges du Verdon<\/a><\/h3><div class=\"stk-block-posts__excerpt\"><p>Le Sentier du Bastidon: A wild and panoramic hike in the Gorges du Verdon The Sentier du Bastidon is a little-known but spectacular hike along the left bank of the Gorges du Verdon. Less popular than the famous Sentier Blanc-Marteloffers breathtaking views of the canyon, while passing through unspoilt nature. This trail, often compared to...<\/p>\n<\/div><a class=\"stk-block-posts__readmore\" href=\"https:\/\/www.auxvallons.fr\/en\/2025\/02\/26\/the-bastidon-trail-gorges-du-verdon\/\">It continues here &gt;&gt;<\/a><\/article><\/div><\/div><div class=\"stk-block-posts__item\"><div class=\"stk-container stk-d6eff39-container stk-hover-parent\"><a href=\"https:\/\/www.auxvallons.fr\/en\/2025\/02\/26\/le-sentier-du-bastidon-gorges-du-verdon\/\" class=\"stk-block-posts__image-link\"><\/a><article class=\"stk-container-padding\"><h3 class=\"stk-block-posts__title\"><a href='https:\/\/www.auxvallons.fr\/en\/2025\/02\/26\/le-sentier-du-bastidon-gorges-du-verdon\/'>The Bastidon path - Gorges du Verdon<\/a><\/h3><div class=\"stk-block-posts__excerpt\"><p>The Sentier du Bastidon: a wild and panoramic walk in the Gorges du Verdon The Sentier du Bastidon is a little-known but spectacular walk along the left bank of the Gorges du Verdon. Less popular than the famous Sentier Blanc-Martel, this trail offers uninterrupted views of the canyon as it passes through unspoilt countryside...<\/p>\n<\/div><a class=\"stk-block-posts__readmore\" href=\"https:\/\/www.auxvallons.fr\/en\/2025\/02\/26\/le-sentier-du-bastidon-gorges-du-verdon\/\">It continues here &gt;&gt;<\/a><\/article><\/div><\/div><div class=\"stk-block-posts__item\"><div class=\"stk-container stk-d6eff39-container stk-hover-parent\"><a href=\"https:\/\/www.auxvallons.fr\/en\/2025\/02\/26\/hiking-around-lac-de-quinson\/\" class=\"stk-block-posts__image-link\"><\/a><article class=\"stk-container-padding\"><h3 class=\"stk-block-posts__title\"><a href='https:\/\/www.auxvallons.fr\/en\/2025\/02\/26\/hiking-around-lac-de-quinson\/'>Hiking around Lac de Quinson<\/a><\/h3><div class=\"stk-block-posts__excerpt\"><p>Hiking around Quinson: Discover the Gorges du Verdon in a different way The village of Quinson, located in the Lower Verdon, is a veritable paradise for hikers. Less well known than the spectacular trails of the Grand Canyon du Verdon, this area offers equally fascinating scenery, between limestone cliffs, forests and turquoise rivers. Quinson is...<\/p>\n<\/div><a class=\"stk-block-posts__readmore\" href=\"https:\/\/www.auxvallons.fr\/en\/2025\/02\/26\/hiking-around-lac-de-quinson\/\">It continues here &gt;&gt;<\/a><\/article><\/div><\/div><div class=\"stk-block-posts__item\"><div class=\"stk-container stk-d6eff39-container stk-hover-parent\"><a href=\"https:\/\/www.auxvallons.fr\/en\/2025\/02\/26\/randonnee-quinson\/\" class=\"stk-block-posts__image-link\"><\/a><article class=\"stk-container-padding\"><h3 class=\"stk-block-posts__title\"><a href='https:\/\/www.auxvallons.fr\/en\/2025\/02\/26\/randonnee-quinson\/'>Walks around Lake Quinson<\/a><\/h3><div class=\"stk-block-posts__excerpt\"><p>Hiking around Quinson: Discover the Gorges du Verdon in a different way The village of Quinson, situated in the Lower Verdon, is a veritable paradise for hikers. Less well known than the spectacular trails of the Grand Canyon du Verdon, this area nevertheless offers landscapes that are just as fascinating, with limestone cliffs, forests and turquoise rivers. Quinson...<\/p>\n<\/div><a class=\"stk-block-posts__readmore\" href=\"https:\/\/www.auxvallons.fr\/en\/2025\/02\/26\/randonnee-quinson\/\">It continues here &gt;&gt;<\/a><\/article><\/div><\/div><div class=\"stk-block-posts__item\"><div class=\"stk-container stk-d6eff39-container stk-hover-parent\"><a href=\"https:\/\/www.auxvallons.fr\/en\/2025\/02\/26\/the-blanc-martel-trail\/\" class=\"stk-block-posts__image-link\"><\/a><article class=\"stk-container-padding\"><h3 class=\"stk-block-posts__title\"><a href='https:\/\/www.auxvallons.fr\/en\/2025\/02\/26\/the-blanc-martel-trail\/'>The Blanc-Martel trail<\/a><\/h3><div class=\"stk-block-posts__excerpt\"><p>Le Sentier Blanc-Martel: A mythical hike in the Gorges du Verdon The Sentier Blanc-Martel is without doubt the Verdon's most famous hike. Crossing the gorges from end to end, this spectacular route follows the river for almost 16 km, offering breathtaking scenery between vertiginous cliffs, underground passages and breathtaking views over the turquoise waters of...<\/p>\n<\/div><a class=\"stk-block-posts__readmore\" href=\"https:\/\/www.auxvallons.fr\/en\/2025\/02\/26\/the-blanc-martel-trail\/\">It continues here &gt;&gt;<\/a><\/article><\/div><\/div><\/div><div class=\"stk-inner-blocks\"><\/div><\/div><\/div>\n\n\n<div class=\"wp-block-visual-portfolio alignwide\">\n<div class=\"vp-portfolio vp-uid-918451cd vp-id-Z1f3DKX\"\n\tdata-vp-layout=\"masonry\" data-vp-content-source=\"images\" data-vp-items-style=\"default\" data-vp-items-click-action=\"popup_gallery\" data-vp-items-gap=\"3\" data-vp-items-gap-vertical=\"2\" data-vp-pagination=\"load-more\" data-vp-next-page-url=\"https:\/\/www.auxvallons.fr\/en\/wp-json\/wp\/v2\/pages\/4098?vp_page=2\" data-vp-masonry-columns=\"2\" >\n\t<div class=\"vp-portfolio__preloader-wrap\">\n\t\t<div class=\"vp-portfolio__preloader\">\n\t\t\t<img decoding=\"async\" loading=\"eager\" src=\"https:\/\/www.auxvallons.fr\/wp-content\/plugins\/visual-portfolio\/assets\/images\/logo-dark.svg\" alt=\"Visual Portfolio, Posts &amp; Image Gallery for WordPress\" width=\"20\" height=\"20\" data-skip-lazy>\n\t\t<\/div>\n\t<\/div>\n\t\t<div class=\"vp-portfolio__items-wrap\">\n\t\t\t\n<div class=\"vp-portfolio__items vp-portfolio__items-style-default vp-portfolio__items-show-overlay-hover\">\n\n\t\t<div\t\tclass=\"vp-portfolio__item-wrap vp-portfolio__item-uid-c6e000a6\" data-vp-filter=\"\" \t\t>\n\t\t\t<template class=\"vp-portfolio__item-popup\" style=\"display: none\" data-vp-popup-img=\"https:\/\/www.auxvallons.fr\/wp-content\/uploads\/2025\/02\/pontdegaletas-verdon-varmin-min.jpg\" data-vp-popup-img-srcset=\"https:\/\/www.auxvallons.fr\/wp-content\/uploads\/2025\/02\/pontdegaletas-verdon-varmin-min.jpg 800w, https:\/\/www.auxvallons.fr\/wp-content\/uploads\/2025\/02\/pontdegaletas-verdon-varmin-min-225x300.jpg 225w, https:\/\/www.auxvallons.fr\/wp-content\/uploads\/2025\/02\/pontdegaletas-verdon-varmin-min-768x1024.jpg 768w, https:\/\/www.auxvallons.fr\/wp-content\/uploads\/2025\/02\/pontdegaletas-verdon-varmin-min-500x667.jpg 500w\" data-vp-popup-img-size=\"800x1067\" data-vp-popup-md-img=\"https:\/\/www.auxvallons.fr\/wp-content\/uploads\/2025\/02\/pontdegaletas-verdon-varmin-min.jpg\" data-vp-popup-md-img-size=\"800x1067\" data-vp-popup-sm-img=\"https:\/\/www.auxvallons.fr\/wp-content\/uploads\/2025\/02\/pontdegaletas-verdon-varmin-min-500x667.jpg\" data-vp-popup-sm-img-size=\"500x667\">\n\t<\/template>\n\t\t\t\t\t\t<figure class=\"vp-portfolio__item\">\n\t\t\t\t\n<div class=\"vp-portfolio__item-img-wrap\">\n\t<div class=\"vp-portfolio__item-img\">\n\t\t\t<a\n\t\thref=\"https:\/\/www.auxvallons.fr\/wp-content\/uploads\/2025\/02\/pontdegaletas-verdon-varmin-min.jpg\"\n\t\taria-label=\"Open image\" \t>\n\t\n\t\t<noscript><img loading=\"lazy\" decoding=\"async\" width=\"800\" height=\"1067\" data-skip-lazy src=\"https:\/\/www.auxvallons.fr\/wp-content\/uploads\/2025\/02\/pontdegaletas-verdon-varmin-min.jpg\" class=\"wp-image-4039\" alt=\"Galetas bridge in the Verdon\" srcset=\"https:\/\/www.auxvallons.fr\/wp-content\/uploads\/2025\/02\/pontdegaletas-verdon-varmin-min.jpg 800w, https:\/\/www.auxvallons.fr\/wp-content\/uploads\/2025\/02\/pontdegaletas-verdon-varmin-min-225x300.jpg 225w, https:\/\/www.auxvallons.fr\/wp-content\/uploads\/2025\/02\/pontdegaletas-verdon-varmin-min-768x1024.jpg 768w, https:\/\/www.auxvallons.fr\/wp-content\/uploads\/2025\/02\/pontdegaletas-verdon-varmin-min-500x667.jpg 500w\" sizes=\"auto, (max-width: 800px) 100vw, 800px\" \/><\/noscript><img fetchpriority=\"high\" decoding=\"async\" width=\"800\" height=\"1067\" src=\"https:\/\/www.auxvallons.fr\/wp-content\/uploads\/2025\/02\/pontdegaletas-verdon-varmin-min.jpg\" class=\"wp-image-4039 vp-lazyload\" alt=\"Galetas bridge in the Verdon\" srcset=\"data:image\/svg+xml;base64,PHN2ZyB3aWR0aD0iODAwIiBoZWlnaHQ9IjEwNjciIHZpZXdCb3g9IjAgMCA4MDAgMTA2NyIgZmlsbD0ibm9uZSIgeG1sbnM9Imh0dHA6Ly93d3cudzMub3JnLzIwMDAvc3ZnIj48L3N2Zz4=\" data-src=\"https:\/\/www.auxvallons.fr\/wp-content\/uploads\/2025\/02\/pontdegaletas-verdon-varmin-min.jpg\" data-srcset=\"https:\/\/www.auxvallons.fr\/wp-content\/uploads\/2025\/02\/pontdegaletas-verdon-varmin-min.jpg 800w, https:\/\/www.auxvallons.fr\/wp-content\/uploads\/2025\/02\/pontdegaletas-verdon-varmin-min-225x300.jpg 225w, https:\/\/www.auxvallons.fr\/wp-content\/uploads\/2025\/02\/pontdegaletas-verdon-varmin-min-768x1024.jpg 768w, https:\/\/www.auxvallons.fr\/wp-content\/uploads\/2025\/02\/pontdegaletas-verdon-varmin-min-500x667.jpg 500w\" data-sizes=\"auto\" loading=\"eager\">\n\t\t<div class=\"vp-portfolio__item-overlay\">\n\t\t\t\n<div class=\"vp-portfolio__item-meta-icon\">\n\t\n<svg class=\"vp-svg-icon\" width=\"20\" height=\"20\" viewbox=\"0 0 20 20\" fill=\"none\" xmlns=\"http:\/\/www.w3.org\/2000\/svg\">\n\t<path d=\"M9 17C13.4183 17 17 13.4183 17 9C17 4.58172 13.4183 1 9 1C4.58172 1 1 4.58172 1 9C1 13.4183 4.58172 17 9 17Z\" stroke=\"currentColor\" stroke-width=\"1.5\" stroke-linecap=\"round\" stroke-linejoin=\"round\" fill=\"transparent\" \/>\n\t<path d=\"M19 19L14.65 14.65\" stroke=\"currentColor\" stroke-width=\"1.5\" stroke-linecap=\"round\" stroke-linejoin=\"round\" fill=\"transparent\" \/>\n<\/svg>\n<\/div>\n\t\t<\/div>\n\n\t\t<\/a>\t<\/div>\n<\/div>\n\n\t\t\t<\/figure>\n\t\t\t\t\t<\/div>\n\t\t\n\t\t<div\t\tclass=\"vp-portfolio__item-wrap vp-portfolio__item-uid-8c871980\" data-vp-filter=\"\" \t\t>\n\t\t\t<template class=\"vp-portfolio__item-popup\" style=\"display: none\" data-vp-popup-img=\"https:\/\/www.auxvallons.fr\/wp-content\/uploads\/2025\/02\/pont-de-galetas.jpg\" data-vp-popup-img-srcset=\"https:\/\/www.auxvallons.fr\/wp-content\/uploads\/2025\/02\/pont-de-galetas.jpg 1600w, https:\/\/www.auxvallons.fr\/wp-content\/uploads\/2025\/02\/pont-de-galetas-300x139.jpg 300w, https:\/\/www.auxvallons.fr\/wp-content\/uploads\/2025\/02\/pont-de-galetas-1024x473.jpg 1024w, https:\/\/www.auxvallons.fr\/wp-content\/uploads\/2025\/02\/pont-de-galetas-768x355.jpg 768w, https:\/\/www.auxvallons.fr\/wp-content\/uploads\/2025\/02\/pont-de-galetas-1536x709.jpg 1536w, https:\/\/www.auxvallons.fr\/wp-content\/uploads\/2025\/02\/pont-de-galetas-500x231.jpg 500w, https:\/\/www.auxvallons.fr\/wp-content\/uploads\/2025\/02\/pont-de-galetas-800x370.jpg 800w, https:\/\/www.auxvallons.fr\/wp-content\/uploads\/2025\/02\/pont-de-galetas-1280x591.jpg 1280w\" data-vp-popup-img-size=\"1600x739\" data-vp-popup-md-img=\"https:\/\/www.auxvallons.fr\/wp-content\/uploads\/2025\/02\/pont-de-galetas-800x370.jpg\" data-vp-popup-md-img-size=\"800x370\" data-vp-popup-sm-img=\"https:\/\/www.auxvallons.fr\/wp-content\/uploads\/2025\/02\/pont-de-galetas-500x231.jpg\" data-vp-popup-sm-img-size=\"500x231\">\n\t<\/template>\n\t\t\t\t\t\t<figure class=\"vp-portfolio__item\">\n\t\t\t\t\n<div class=\"vp-portfolio__item-img-wrap\">\n\t<div class=\"vp-portfolio__item-img\">\n\t\t\t<a\n\t\thref=\"https:\/\/www.auxvallons.fr\/wp-content\/uploads\/2025\/02\/pont-de-galetas.jpg\"\n\t\taria-label=\"Open image\" \t>\n\t\n\t\t<noscript><img loading=\"lazy\" decoding=\"async\" width=\"1600\" height=\"739\" data-skip-lazy src=\"https:\/\/www.auxvallons.fr\/wp-content\/uploads\/2025\/02\/pont-de-galetas.jpg\" class=\"wp-image-4038\" alt=\"Galetas bridge\" srcset=\"https:\/\/www.auxvallons.fr\/wp-content\/uploads\/2025\/02\/pont-de-galetas.jpg 1600w, https:\/\/www.auxvallons.fr\/wp-content\/uploads\/2025\/02\/pont-de-galetas-300x139.jpg 300w, https:\/\/www.auxvallons.fr\/wp-content\/uploads\/2025\/02\/pont-de-galetas-1024x473.jpg 1024w, https:\/\/www.auxvallons.fr\/wp-content\/uploads\/2025\/02\/pont-de-galetas-768x355.jpg 768w, https:\/\/www.auxvallons.fr\/wp-content\/uploads\/2025\/02\/pont-de-galetas-1536x709.jpg 1536w, https:\/\/www.auxvallons.fr\/wp-content\/uploads\/2025\/02\/pont-de-galetas-500x231.jpg 500w, https:\/\/www.auxvallons.fr\/wp-content\/uploads\/2025\/02\/pont-de-galetas-800x370.jpg 800w, https:\/\/www.auxvallons.fr\/wp-content\/uploads\/2025\/02\/pont-de-galetas-1280x591.jpg 1280w\" sizes=\"auto, (max-width: 1600px) 100vw, 1600px\" \/><\/noscript><img decoding=\"async\" width=\"1600\" height=\"739\" src=\"https:\/\/www.auxvallons.fr\/wp-content\/uploads\/2025\/02\/pont-de-galetas.jpg\" class=\"wp-image-4038 vp-lazyload\" alt=\"Galetas bridge\" srcset=\"data:image\/svg+xml;base64,PHN2ZyB3aWR0aD0iMTYwMCIgaGVpZ2h0PSI3MzkiIHZpZXdCb3g9IjAgMCAxNjAwIDczOSIgZmlsbD0ibm9uZSIgeG1sbnM9Imh0dHA6Ly93d3cudzMub3JnLzIwMDAvc3ZnIj48L3N2Zz4=\" data-src=\"https:\/\/www.auxvallons.fr\/wp-content\/uploads\/2025\/02\/pont-de-galetas.jpg\" data-srcset=\"https:\/\/www.auxvallons.fr\/wp-content\/uploads\/2025\/02\/pont-de-galetas.jpg 1600w, https:\/\/www.auxvallons.fr\/wp-content\/uploads\/2025\/02\/pont-de-galetas-300x139.jpg 300w, https:\/\/www.auxvallons.fr\/wp-content\/uploads\/2025\/02\/pont-de-galetas-1024x473.jpg 1024w, https:\/\/www.auxvallons.fr\/wp-content\/uploads\/2025\/02\/pont-de-galetas-768x355.jpg 768w, https:\/\/www.auxvallons.fr\/wp-content\/uploads\/2025\/02\/pont-de-galetas-1536x709.jpg 1536w, https:\/\/www.auxvallons.fr\/wp-content\/uploads\/2025\/02\/pont-de-galetas-500x231.jpg 500w, https:\/\/www.auxvallons.fr\/wp-content\/uploads\/2025\/02\/pont-de-galetas-800x370.jpg 800w, https:\/\/www.auxvallons.fr\/wp-content\/uploads\/2025\/02\/pont-de-galetas-1280x591.jpg 1280w\" data-sizes=\"auto\" loading=\"eager\">\n\t\t<div class=\"vp-portfolio__item-overlay\">\n\t\t\t\n<div class=\"vp-portfolio__item-meta-icon\">\n\t\n<svg class=\"vp-svg-icon\" width=\"20\" height=\"20\" viewbox=\"0 0 20 20\" fill=\"none\" xmlns=\"http:\/\/www.w3.org\/2000\/svg\">\n\t<path d=\"M9 17C13.4183 17 17 13.4183 17 9C17 4.58172 13.4183 1 9 1C4.58172 1 1 4.58172 1 9C1 13.4183 4.58172 17 9 17Z\" stroke=\"currentColor\" stroke-width=\"1.5\" stroke-linecap=\"round\" stroke-linejoin=\"round\" fill=\"transparent\" \/>\n\t<path d=\"M19 19L14.65 14.65\" stroke=\"currentColor\" stroke-width=\"1.5\" stroke-linecap=\"round\" stroke-linejoin=\"round\" fill=\"transparent\" \/>\n<\/svg>\n<\/div>\n\t\t<\/div>\n\n\t\t<\/a>\t<\/div>\n<\/div>\n\n\t\t\t<\/figure>\n\t\t\t\t\t<\/div>\n\t\t\n\t\t<div\t\tclass=\"vp-portfolio__item-wrap vp-portfolio__item-uid-e3ccb86b\" data-vp-filter=\"\" \t\t>\n\t\t\t<template class=\"vp-portfolio__item-popup\" style=\"display: none\" data-vp-popup-img=\"https:\/\/www.auxvallons.fr\/wp-content\/uploads\/2025\/02\/escalier-sentier-martel.jpg\" data-vp-popup-img-srcset=\"https:\/\/www.auxvallons.fr\/wp-content\/uploads\/2025\/02\/escalier-sentier-martel.jpg 800w, https:\/\/www.auxvallons.fr\/wp-content\/uploads\/2025\/02\/escalier-sentier-martel-225x300.jpg 225w, https:\/\/www.auxvallons.fr\/wp-content\/uploads\/2025\/02\/escalier-sentier-martel-769x1024.jpg 769w, https:\/\/www.auxvallons.fr\/wp-content\/uploads\/2025\/02\/escalier-sentier-martel-768x1022.jpg 768w, https:\/\/www.auxvallons.fr\/wp-content\/uploads\/2025\/02\/escalier-sentier-martel-500x666.jpg 500w\" data-vp-popup-img-size=\"800x1065\" data-vp-popup-md-img=\"https:\/\/www.auxvallons.fr\/wp-content\/uploads\/2025\/02\/escalier-sentier-martel.jpg\" data-vp-popup-md-img-size=\"800x1065\" data-vp-popup-sm-img=\"https:\/\/www.auxvallons.fr\/wp-content\/uploads\/2025\/02\/escalier-sentier-martel-500x666.jpg\" data-vp-popup-sm-img-size=\"500x666\">\n\t<\/template>\n\t\t\t\t\t\t<figure class=\"vp-portfolio__item\">\n\t\t\t\t\n<div class=\"vp-portfolio__item-img-wrap\">\n\t<div class=\"vp-portfolio__item-img\">\n\t\t\t<a\n\t\thref=\"https:\/\/www.auxvallons.fr\/wp-content\/uploads\/2025\/02\/escalier-sentier-martel.jpg\"\n\t\taria-label=\"Open image\" \t>\n\t\n\t\t<noscript><img loading=\"lazy\" decoding=\"async\" width=\"800\" height=\"1065\" data-skip-lazy src=\"https:\/\/www.auxvallons.fr\/wp-content\/uploads\/2025\/02\/escalier-sentier-martel.jpg\" class=\"wp-image-4055\" alt=\"stairs path\" srcset=\"https:\/\/www.auxvallons.fr\/wp-content\/uploads\/2025\/02\/escalier-sentier-martel.jpg 800w, https:\/\/www.auxvallons.fr\/wp-content\/uploads\/2025\/02\/escalier-sentier-martel-225x300.jpg 225w, https:\/\/www.auxvallons.fr\/wp-content\/uploads\/2025\/02\/escalier-sentier-martel-769x1024.jpg 769w, https:\/\/www.auxvallons.fr\/wp-content\/uploads\/2025\/02\/escalier-sentier-martel-768x1022.jpg 768w, https:\/\/www.auxvallons.fr\/wp-content\/uploads\/2025\/02\/escalier-sentier-martel-500x666.jpg 500w\" sizes=\"auto, (max-width: 800px) 100vw, 800px\" \/><\/noscript><img decoding=\"async\" width=\"800\" height=\"1065\" src=\"https:\/\/www.auxvallons.fr\/wp-content\/uploads\/2025\/02\/escalier-sentier-martel.jpg\" class=\"wp-image-4055 vp-lazyload\" alt=\"stairs path\" srcset=\"data:image\/svg+xml;base64,PHN2ZyB3aWR0aD0iODAwIiBoZWlnaHQ9IjEwNjUiIHZpZXdCb3g9IjAgMCA4MDAgMTA2NSIgZmlsbD0ibm9uZSIgeG1sbnM9Imh0dHA6Ly93d3cudzMub3JnLzIwMDAvc3ZnIj48L3N2Zz4=\" data-src=\"https:\/\/www.auxvallons.fr\/wp-content\/uploads\/2025\/02\/escalier-sentier-martel.jpg\" data-srcset=\"https:\/\/www.auxvallons.fr\/wp-content\/uploads\/2025\/02\/escalier-sentier-martel.jpg 800w, https:\/\/www.auxvallons.fr\/wp-content\/uploads\/2025\/02\/escalier-sentier-martel-225x300.jpg 225w, https:\/\/www.auxvallons.fr\/wp-content\/uploads\/2025\/02\/escalier-sentier-martel-769x1024.jpg 769w, https:\/\/www.auxvallons.fr\/wp-content\/uploads\/2025\/02\/escalier-sentier-martel-768x1022.jpg 768w, https:\/\/www.auxvallons.fr\/wp-content\/uploads\/2025\/02\/escalier-sentier-martel-500x666.jpg 500w\" data-sizes=\"auto\" loading=\"eager\">\n\t\t<div class=\"vp-portfolio__item-overlay\">\n\t\t\t\n<div class=\"vp-portfolio__item-meta-icon\">\n\t\n<svg class=\"vp-svg-icon\" width=\"20\" height=\"20\" viewbox=\"0 0 20 20\" fill=\"none\" xmlns=\"http:\/\/www.w3.org\/2000\/svg\">\n\t<path d=\"M9 17C13.4183 17 17 13.4183 17 9C17 4.58172 13.4183 1 9 1C4.58172 1 1 4.58172 1 9C1 13.4183 4.58172 17 9 17Z\" stroke=\"currentColor\" stroke-width=\"1.5\" stroke-linecap=\"round\" stroke-linejoin=\"round\" fill=\"transparent\" \/>\n\t<path d=\"M19 19L14.65 14.65\" stroke=\"currentColor\" stroke-width=\"1.5\" stroke-linecap=\"round\" stroke-linejoin=\"round\" fill=\"transparent\" \/>\n<\/svg>\n<\/div>\n\t\t<\/div>\n\n\t\t<\/a>\t<\/div>\n<\/div>\n\n\t\t\t<\/figure>\n\t\t\t\t\t<\/div>\n\t\t\n\t\t<div\t\tclass=\"vp-portfolio__item-wrap vp-portfolio__item-uid-d71addf0\" data-vp-filter=\"\" \t\t>\n\t\t\t<template class=\"vp-portfolio__item-popup\" style=\"display: none\" data-vp-popup-img=\"https:\/\/www.auxvallons.fr\/wp-content\/uploads\/2025\/02\/guide-sentier-blanc-martel-verdon.jpg\" data-vp-popup-img-srcset=\"https:\/\/www.auxvallons.fr\/wp-content\/uploads\/2025\/02\/guide-sentier-blanc-martel-verdon.jpg 1046w, https:\/\/www.auxvallons.fr\/wp-content\/uploads\/2025\/02\/guide-sentier-blanc-martel-verdon-300x242.jpg 300w, https:\/\/www.auxvallons.fr\/wp-content\/uploads\/2025\/02\/guide-sentier-blanc-martel-verdon-1024x826.jpg 1024w, https:\/\/www.auxvallons.fr\/wp-content\/uploads\/2025\/02\/guide-sentier-blanc-martel-verdon-768x620.jpg 768w, https:\/\/www.auxvallons.fr\/wp-content\/uploads\/2025\/02\/guide-sentier-blanc-martel-verdon-500x403.jpg 500w, https:\/\/www.auxvallons.fr\/wp-content\/uploads\/2025\/02\/guide-sentier-blanc-martel-verdon-800x646.jpg 800w\" data-vp-popup-img-size=\"1046x844\" data-vp-popup-md-img=\"https:\/\/www.auxvallons.fr\/wp-content\/uploads\/2025\/02\/guide-sentier-blanc-martel-verdon-800x646.jpg\" data-vp-popup-md-img-size=\"800x646\" data-vp-popup-sm-img=\"https:\/\/www.auxvallons.fr\/wp-content\/uploads\/2025\/02\/guide-sentier-blanc-martel-verdon-500x403.jpg\" data-vp-popup-sm-img-size=\"500x403\">\n\t<\/template>\n\t\t\t\t\t\t<figure class=\"vp-portfolio__item\">\n\t\t\t\t\n<div class=\"vp-portfolio__item-img-wrap\">\n\t<div class=\"vp-portfolio__item-img\">\n\t\t\t<a\n\t\thref=\"https:\/\/www.auxvallons.fr\/wp-content\/uploads\/2025\/02\/guide-sentier-blanc-martel-verdon.jpg\"\n\t\taria-label=\"Open image\" \t>\n\t\n\t\t<noscript><img loading=\"lazy\" decoding=\"async\" width=\"1046\" height=\"844\" data-skip-lazy src=\"https:\/\/www.auxvallons.fr\/wp-content\/uploads\/2025\/02\/guide-sentier-blanc-martel-verdon.jpg\" class=\"wp-image-4059\" alt=\"Blanc martel trail guide, map\" srcset=\"https:\/\/www.auxvallons.fr\/wp-content\/uploads\/2025\/02\/guide-sentier-blanc-martel-verdon.jpg 1046w, https:\/\/www.auxvallons.fr\/wp-content\/uploads\/2025\/02\/guide-sentier-blanc-martel-verdon-300x242.jpg 300w, https:\/\/www.auxvallons.fr\/wp-content\/uploads\/2025\/02\/guide-sentier-blanc-martel-verdon-1024x826.jpg 1024w, https:\/\/www.auxvallons.fr\/wp-content\/uploads\/2025\/02\/guide-sentier-blanc-martel-verdon-768x620.jpg 768w, https:\/\/www.auxvallons.fr\/wp-content\/uploads\/2025\/02\/guide-sentier-blanc-martel-verdon-500x403.jpg 500w, https:\/\/www.auxvallons.fr\/wp-content\/uploads\/2025\/02\/guide-sentier-blanc-martel-verdon-800x646.jpg 800w\" sizes=\"auto, (max-width: 1046px) 100vw, 1046px\" \/><\/noscript><img decoding=\"async\" width=\"1046\" height=\"844\" src=\"https:\/\/www.auxvallons.fr\/wp-content\/uploads\/2025\/02\/guide-sentier-blanc-martel-verdon.jpg\" class=\"wp-image-4059 vp-lazyload\" alt=\"Blanc martel trail guide, map\" srcset=\"data:image\/svg+xml;base64,PHN2ZyB3aWR0aD0iMTA0NiIgaGVpZ2h0PSI4NDQiIHZpZXdCb3g9IjAgMCAxMDQ2IDg0NCIgZmlsbD0ibm9uZSIgeG1sbnM9Imh0dHA6Ly93d3cudzMub3JnLzIwMDAvc3ZnIj48L3N2Zz4=\" data-src=\"https:\/\/www.auxvallons.fr\/wp-content\/uploads\/2025\/02\/guide-sentier-blanc-martel-verdon.jpg\" data-srcset=\"https:\/\/www.auxvallons.fr\/wp-content\/uploads\/2025\/02\/guide-sentier-blanc-martel-verdon.jpg 1046w, https:\/\/www.auxvallons.fr\/wp-content\/uploads\/2025\/02\/guide-sentier-blanc-martel-verdon-300x242.jpg 300w, https:\/\/www.auxvallons.fr\/wp-content\/uploads\/2025\/02\/guide-sentier-blanc-martel-verdon-1024x826.jpg 1024w, https:\/\/www.auxvallons.fr\/wp-content\/uploads\/2025\/02\/guide-sentier-blanc-martel-verdon-768x620.jpg 768w, https:\/\/www.auxvallons.fr\/wp-content\/uploads\/2025\/02\/guide-sentier-blanc-martel-verdon-500x403.jpg 500w, https:\/\/www.auxvallons.fr\/wp-content\/uploads\/2025\/02\/guide-sentier-blanc-martel-verdon-800x646.jpg 800w\" data-sizes=\"auto\" loading=\"eager\">\n\t\t<div class=\"vp-portfolio__item-overlay\">\n\t\t\t\n<div class=\"vp-portfolio__item-meta-icon\">\n\t\n<svg class=\"vp-svg-icon\" width=\"20\" height=\"20\" viewbox=\"0 0 20 20\" fill=\"none\" xmlns=\"http:\/\/www.w3.org\/2000\/svg\">\n\t<path d=\"M9 17C13.4183 17 17 13.4183 17 9C17 4.58172 13.4183 1 9 1C4.58172 1 1 4.58172 1 9C1 13.4183 4.58172 17 9 17Z\" stroke=\"currentColor\" stroke-width=\"1.5\" stroke-linecap=\"round\" stroke-linejoin=\"round\" fill=\"transparent\" \/>\n\t<path d=\"M19 19L14.65 14.65\" stroke=\"currentColor\" stroke-width=\"1.5\" stroke-linecap=\"round\" stroke-linejoin=\"round\" fill=\"transparent\" \/>\n<\/svg>\n<\/div>\n\t\t<\/div>\n\n\t\t<\/a>\t<\/div>\n<\/div>\n\n\t\t\t<\/figure>\n\t\t\t\t\t<\/div>\n\t\t\n\t\t<div\t\tclass=\"vp-portfolio__item-wrap vp-portfolio__item-uid-30a62e9e\" data-vp-filter=\"\" \t\t>\n\t\t\t<template class=\"vp-portfolio__item-popup\" style=\"display: none\" data-vp-popup-img=\"https:\/\/www.auxvallons.fr\/wp-content\/uploads\/2025\/02\/sentier-blanc-martel.jpg\" data-vp-popup-img-srcset=\"https:\/\/www.auxvallons.fr\/wp-content\/uploads\/2025\/02\/sentier-blanc-martel.jpg 800w, https:\/\/www.auxvallons.fr\/wp-content\/uploads\/2025\/02\/sentier-blanc-martel-225x300.jpg 225w, https:\/\/www.auxvallons.fr\/wp-content\/uploads\/2025\/02\/sentier-blanc-martel-769x1024.jpg 769w, https:\/\/www.auxvallons.fr\/wp-content\/uploads\/2025\/02\/sentier-blanc-martel-768x1022.jpg 768w, https:\/\/www.auxvallons.fr\/wp-content\/uploads\/2025\/02\/sentier-blanc-martel-500x666.jpg 500w\" data-vp-popup-img-size=\"800x1065\" data-vp-popup-md-img=\"https:\/\/www.auxvallons.fr\/wp-content\/uploads\/2025\/02\/sentier-blanc-martel.jpg\" data-vp-popup-md-img-size=\"800x1065\" data-vp-popup-sm-img=\"https:\/\/www.auxvallons.fr\/wp-content\/uploads\/2025\/02\/sentier-blanc-martel-500x666.jpg\" data-vp-popup-sm-img-size=\"500x666\">\n\t<\/template>\n\t\t\t\t\t\t<figure class=\"vp-portfolio__item\">\n\t\t\t\t\n<div class=\"vp-portfolio__item-img-wrap\">\n\t<div class=\"vp-portfolio__item-img\">\n\t\t\t<a\n\t\thref=\"https:\/\/www.auxvallons.fr\/wp-content\/uploads\/2025\/02\/sentier-blanc-martel.jpg\"\n\t\taria-label=\"Open image\" \t>\n\t\n\t\t<noscript><img loading=\"lazy\" decoding=\"async\" width=\"800\" height=\"1065\" data-skip-lazy src=\"https:\/\/www.auxvallons.fr\/wp-content\/uploads\/2025\/02\/sentier-blanc-martel.jpg\" class=\"wp-image-4064\" alt=\"Sentier Blanc martel Verdon Var\" srcset=\"https:\/\/www.auxvallons.fr\/wp-content\/uploads\/2025\/02\/sentier-blanc-martel.jpg 800w, https:\/\/www.auxvallons.fr\/wp-content\/uploads\/2025\/02\/sentier-blanc-martel-225x300.jpg 225w, https:\/\/www.auxvallons.fr\/wp-content\/uploads\/2025\/02\/sentier-blanc-martel-769x1024.jpg 769w, https:\/\/www.auxvallons.fr\/wp-content\/uploads\/2025\/02\/sentier-blanc-martel-768x1022.jpg 768w, https:\/\/www.auxvallons.fr\/wp-content\/uploads\/2025\/02\/sentier-blanc-martel-500x666.jpg 500w\" sizes=\"auto, (max-width: 800px) 100vw, 800px\" \/><\/noscript><img decoding=\"async\" width=\"800\" height=\"1065\" src=\"https:\/\/www.auxvallons.fr\/wp-content\/uploads\/2025\/02\/sentier-blanc-martel.jpg\" class=\"wp-image-4064 vp-lazyload\" alt=\"Sentier Blanc martel Verdon Var\" srcset=\"data:image\/svg+xml;base64,PHN2ZyB3aWR0aD0iODAwIiBoZWlnaHQ9IjEwNjUiIHZpZXdCb3g9IjAgMCA4MDAgMTA2NSIgZmlsbD0ibm9uZSIgeG1sbnM9Imh0dHA6Ly93d3cudzMub3JnLzIwMDAvc3ZnIj48L3N2Zz4=\" data-src=\"https:\/\/www.auxvallons.fr\/wp-content\/uploads\/2025\/02\/sentier-blanc-martel.jpg\" data-srcset=\"https:\/\/www.auxvallons.fr\/wp-content\/uploads\/2025\/02\/sentier-blanc-martel.jpg 800w, https:\/\/www.auxvallons.fr\/wp-content\/uploads\/2025\/02\/sentier-blanc-martel-225x300.jpg 225w, https:\/\/www.auxvallons.fr\/wp-content\/uploads\/2025\/02\/sentier-blanc-martel-769x1024.jpg 769w, https:\/\/www.auxvallons.fr\/wp-content\/uploads\/2025\/02\/sentier-blanc-martel-768x1022.jpg 768w, https:\/\/www.auxvallons.fr\/wp-content\/uploads\/2025\/02\/sentier-blanc-martel-500x666.jpg 500w\" data-sizes=\"auto\" loading=\"eager\">\n\t\t<div class=\"vp-portfolio__item-overlay\">\n\t\t\t\n<div class=\"vp-portfolio__item-meta-icon\">\n\t\n<svg class=\"vp-svg-icon\" width=\"20\" height=\"20\" viewbox=\"0 0 20 20\" fill=\"none\" xmlns=\"http:\/\/www.w3.org\/2000\/svg\">\n\t<path d=\"M9 17C13.4183 17 17 13.4183 17 9C17 4.58172 13.4183 1 9 1C4.58172 1 1 4.58172 1 9C1 13.4183 4.58172 17 9 17Z\" stroke=\"currentColor\" stroke-width=\"1.5\" stroke-linecap=\"round\" stroke-linejoin=\"round\" fill=\"transparent\" \/>\n\t<path d=\"M19 19L14.65 14.65\" stroke=\"currentColor\" stroke-width=\"1.5\" stroke-linecap=\"round\" stroke-linejoin=\"round\" fill=\"transparent\" \/>\n<\/svg>\n<\/div>\n\t\t<\/div>\n\n\t\t<\/a>\t<\/div>\n<\/div>\n\n\t\t\t<\/figure>\n\t\t\t\t\t<\/div>\n\t\t\n\t\t<div\t\tclass=\"vp-portfolio__item-wrap vp-portfolio__item-uid-7a268f95\" data-vp-filter=\"\" \t\t>\n\t\t\t<template class=\"vp-portfolio__item-popup\" style=\"display: none\" data-vp-popup-img=\"https:\/\/www.auxvallons.fr\/wp-content\/uploads\/2025\/02\/8lac-qinson-min.jpg\" data-vp-popup-img-srcset=\"https:\/\/www.auxvallons.fr\/wp-content\/uploads\/2025\/02\/8lac-qinson-min.jpg 600w, https:\/\/www.auxvallons.fr\/wp-content\/uploads\/2025\/02\/8lac-qinson-min-169x300.jpg 169w, https:\/\/www.auxvallons.fr\/wp-content\/uploads\/2025\/02\/8lac-qinson-min-576x1024.jpg 576w, https:\/\/www.auxvallons.fr\/wp-content\/uploads\/2025\/02\/8lac-qinson-min-500x889.jpg 500w\" data-vp-popup-img-size=\"600x1067\" data-vp-popup-md-img=\"https:\/\/www.auxvallons.fr\/wp-content\/uploads\/2025\/02\/8lac-qinson-min.jpg\" data-vp-popup-md-img-size=\"600x1067\" data-vp-popup-sm-img=\"https:\/\/www.auxvallons.fr\/wp-content\/uploads\/2025\/02\/8lac-qinson-min-500x889.jpg\" data-vp-popup-sm-img-size=\"500x889\">\n\t<\/template>\n\t\t\t\t\t\t<figure class=\"vp-portfolio__item\">\n\t\t\t\t\n<div class=\"vp-portfolio__item-img-wrap\">\n\t<div class=\"vp-portfolio__item-img\">\n\t\t\t<a\n\t\thref=\"https:\/\/www.auxvallons.fr\/wp-content\/uploads\/2025\/02\/8lac-qinson-min.jpg\"\n\t\taria-label=\"Open image\" \t>\n\t\n\t\t<noscript><img loading=\"lazy\" decoding=\"async\" width=\"600\" height=\"1067\" data-skip-lazy src=\"https:\/\/www.auxvallons.fr\/wp-content\/uploads\/2025\/02\/8lac-qinson-min.jpg\" class=\"wp-image-4082\" alt=\"entrance to Lac de Quinson\" srcset=\"https:\/\/www.auxvallons.fr\/wp-content\/uploads\/2025\/02\/8lac-qinson-min.jpg 600w, https:\/\/www.auxvallons.fr\/wp-content\/uploads\/2025\/02\/8lac-qinson-min-169x300.jpg 169w, https:\/\/www.auxvallons.fr\/wp-content\/uploads\/2025\/02\/8lac-qinson-min-576x1024.jpg 576w, https:\/\/www.auxvallons.fr\/wp-content\/uploads\/2025\/02\/8lac-qinson-min-500x889.jpg 500w\" sizes=\"auto, (max-width: 600px) 100vw, 600px\" \/><\/noscript><img decoding=\"async\" width=\"600\" height=\"1067\" src=\"https:\/\/www.auxvallons.fr\/wp-content\/uploads\/2025\/02\/8lac-qinson-min.jpg\" class=\"wp-image-4082 vp-lazyload\" alt=\"entrance to Lac de Quinson\" srcset=\"data:image\/svg+xml;base64,PHN2ZyB3aWR0aD0iNjAwIiBoZWlnaHQ9IjEwNjciIHZpZXdCb3g9IjAgMCA2MDAgMTA2NyIgZmlsbD0ibm9uZSIgeG1sbnM9Imh0dHA6Ly93d3cudzMub3JnLzIwMDAvc3ZnIj48L3N2Zz4=\" data-src=\"https:\/\/www.auxvallons.fr\/wp-content\/uploads\/2025\/02\/8lac-qinson-min.jpg\" data-srcset=\"https:\/\/www.auxvallons.fr\/wp-content\/uploads\/2025\/02\/8lac-qinson-min.jpg 600w, https:\/\/www.auxvallons.fr\/wp-content\/uploads\/2025\/02\/8lac-qinson-min-169x300.jpg 169w, https:\/\/www.auxvallons.fr\/wp-content\/uploads\/2025\/02\/8lac-qinson-min-576x1024.jpg 576w, https:\/\/www.auxvallons.fr\/wp-content\/uploads\/2025\/02\/8lac-qinson-min-500x889.jpg 500w\" data-sizes=\"auto\" loading=\"eager\">\n\t\t<div class=\"vp-portfolio__item-overlay\">\n\t\t\t\n<div class=\"vp-portfolio__item-meta-icon\">\n\t\n<svg class=\"vp-svg-icon\" width=\"20\" height=\"20\" viewbox=\"0 0 20 20\" fill=\"none\" xmlns=\"http:\/\/www.w3.org\/2000\/svg\">\n\t<path d=\"M9 17C13.4183 17 17 13.4183 17 9C17 4.58172 13.4183 1 9 1C4.58172 1 1 4.58172 1 9C1 13.4183 4.58172 17 9 17Z\" stroke=\"currentColor\" stroke-width=\"1.5\" stroke-linecap=\"round\" stroke-linejoin=\"round\" fill=\"transparent\" \/>\n\t<path d=\"M19 19L14.65 14.65\" stroke=\"currentColor\" stroke-width=\"1.5\" stroke-linecap=\"round\" stroke-linejoin=\"round\" fill=\"transparent\" \/>\n<\/svg>\n<\/div>\n\t\t<\/div>\n\n\t\t<\/a>\t<\/div>\n<\/div>\n\n\t\t\t<\/figure>\n\t\t\t\t\t<\/div>\n\t\t\n<\/div>\n\t\t<\/div>\n\t\t\n<\/div>\n<\/div>\n\n\n<p data-block-type=\"core\">Book your&nbsp;<a href=\"https:\/\/www.auxvallons.fr\/en\/locations\/\">camping pitches for tents, caravans or motor homes<\/a>&nbsp;or your&nbsp;<a href=\"https:\/\/www.auxvallons.fr\/en\/rentals-verdon-83\/\">holiday rentals at camping VERDON.<\/a><\/p>\n\n\n\n<p data-block-type=\"core\"><em>hiking in the Gorges du Verdon<\/em><\/p>\n\n\n\n<p data-block-type=\"core\"><\/p>","protected":false},"excerpt":{"rendered":"<p>Les 3 Plus Belles Randonn\u00e9es du Verdon : \u00c0 la D\u00e9couverte de Paysages Spectaculaires Le Verdon offre des randonn\u00e9es inoubliables entre gorges vertigineuses, rivi\u00e8res turquoise et panoramas \u00e0 couper le souffle, \u00e0 quelques encablures de votre camping du Verdon. Le sentier Blanc-Martel, le plus embl\u00e9matique, traverse les Gorges du Verdon sur 16 km avec des [&hellip;]<\/p>\n","protected":false},"author":1,"featured_media":3254,"parent":0,"menu_order":0,"comment_status":"closed","ping_status":"closed","template":"","meta":{"_acf_changed":false,"_seopress_robots_primary_cat":"","_seopress_titles_title":"Randonner aux Gorges du Verdon, les 4 plus beaux sentiers.","_seopress_titles_desc":"Le Verdon offre des randonn\u00e9es inoubliables entre gorges vertigineuses, rivi\u00e8res turquoise et panoramas \u00e0 couper le souffle. Un incontournable en Provence-Var","_seopress_robots_index":"","_vp_format_video_url":"","_vp_image_focal_point":[],"footnotes":""},"class_list":["post-4098","page","type-page","status-publish","has-post-thumbnail","hentry"],"acf":[],"_links":{"self":[{"href":"https:\/\/www.auxvallons.fr\/en\/wp-json\/wp\/v2\/pages\/4098","targetHints":{"allow":["GET"]}}],"collection":[{"href":"https:\/\/www.auxvallons.fr\/en\/wp-json\/wp\/v2\/pages"}],"about":[{"href":"https:\/\/www.auxvallons.fr\/en\/wp-json\/wp\/v2\/types\/page"}],"author":[{"embeddable":true,"href":"https:\/\/www.auxvallons.fr\/en\/wp-json\/wp\/v2\/users\/1"}],"replies":[{"embeddable":true,"href":"https:\/\/www.auxvallons.fr\/en\/wp-json\/wp\/v2\/comments?post=4098"}],"version-history":[{"count":0,"href":"https:\/\/www.auxvallons.fr\/en\/wp-json\/wp\/v2\/pages\/4098\/revisions"}],"wp:featuredmedia":[{"embeddable":true,"href":"https:\/\/www.auxvallons.fr\/en\/wp-json\/wp\/v2\/media\/3254"}],"wp:attachment":[{"href":"https:\/\/www.auxvallons.fr\/en\/wp-json\/wp\/v2\/media?parent=4098"}],"curies":[{"name":"wp","href":"https:\/\/api.w.org\/{rel}","templated":true}]}}