{"id":300,"date":"2024-01-09T15:17:21","date_gmt":"2024-01-09T15:17:21","guid":{"rendered":"https:\/\/dev.vdtarn.fr\/?page_id=300"},"modified":"2025-11-24T16:10:40","modified_gmt":"2025-11-24T15:10:40","slug":"services","status":"publish","type":"page","link":"https:\/\/www.auxvallons.fr\/en\/services\/","title":{"rendered":"3-star campsite near the Gorges du Verdon"},"content":{"rendered":"<h2 class=\"wp-block-heading\">Campsite facilities and services<\/h2>\n\n\n\n<p data-block-type=\"core\">In the reception building, a large room is at your disposal with television, drinks for sale, food and drinks, as well as fresh bread delivery to your\u00a0<a href=\"https:\/\/www.auxvallons.fr\/en\/\">Verdon family campsite<\/a>.<\/p>\n\n\n\n<div class=\"wp-block-group alignfull has-background has-global-padding is-layout-constrained wp-block-group-is-layout-constrained\" style=\"background-color:#483c7e;padding-top:var(--wp--preset--spacing--50);padding-bottom:var(--wp--preset--spacing--30)\" data-block-type=\"core\">\n<div class=\"wp-block-stackable-feature alignwide stk-block-feature stk-block stk-f86886f is-style-overlap-shape-4\" data-v=\"2\" data-block-id=\"f86886f\"><style>.stk-f86886f {--stk-feature-flex-wrap:nowrap !important;margin-bottom:88px !important;}<\/style><div class=\"stk-content-align stk-f86886f-column alignwide stk-container stk-f86886f-container stk--no-background stk--no-padding\"><div class=\"stk-inner-blocks has-text-align-center stk-block-content undefined\">\n<div class=\"wp-block-stackable-column stk-block-column stk-column stk--hide-mobile stk-block stk-6a5624e\" data-v=\"4\" data-block-id=\"6a5624e\"><style>.stk-6a5624e {margin-bottom:-68px !important;z-index:1 !important;}@media screen and (max-width: 767px){.stk-6a5624e {margin-bottom:26px !important;}}<\/style><div class=\"stk-column-wrapper stk-block-column__content stk-container stk-6a5624e-container stk--no-background stk--no-padding\"><div class=\"stk-block-content stk-inner-blocks stk-6a5624e-inner-blocks\">\n<div class=\"wp-block-stackable-image stk-block-image has-text-align-center stk-block stk-25030a7\" data-block-id=\"25030a7\"><style>.stk-25030a7 {margin-bottom:-166px !important;margin-left:200px !important;}.stk-25030a7 .stk-img-wrapper{width:100% !important;height:522px !important;}.stk-25030a7 .stk-img-wrapper img, .stk-25030a7 .stk-img-wrapper::after, .stk-25030a7 .stk-img-wrapper::before{mask-image:url('data:image\/svg+xml;base64,PHN2ZyB4bWxucz0iaHR0cDovL3d3dy53My5vcmcvMjAwMC9zdmciIHZpZXdCb3g9IjAgMCAyMDAgMjAwIiBwcmVzZXJ2ZUFzcGVjdFJhdGlvPSJub25lIj48cGF0aCBkPSJNMTg4LjUgMzEuOWMxMi45IDE1LjkgMTIuNSA0My4zIDEwLjMgNzcuMXMtNi4yIDc0LjItMjYuMiA4Ni41LTU2LjEtMy4zLTg5LjQtMjEuMi02My43LTM4LjEtNzYuNC02OS44Qy01LjkgNzMtLjggMjkuOSAyMS42IDExLjcgNDQtNi40IDgzLjguNSAxMTYuNyA2LjFzNTkgMTAgNzEuOCAyNS44eiI+PC9wYXRoPjwvc3ZnPg==') !important;-webkit-mask-image:url('data:image\/svg+xml;base64,PHN2ZyB4bWxucz0iaHR0cDovL3d3dy53My5vcmcvMjAwMC9zdmciIHZpZXdCb3g9IjAgMCAyMDAgMjAwIiBwcmVzZXJ2ZUFzcGVjdFJhdGlvPSJub25lIj48cGF0aCBkPSJNMTg4LjUgMzEuOWMxMi45IDE1LjkgMTIuNSA0My4zIDEwLjMgNzcuMXMtNi4yIDc0LjItMjYuMiA4Ni41LTU2LjEtMy4zLTg5LjQtMjEuMi02My43LTM4LjEtNzYuNC02OS44Qy01LjkgNzMtLjggMjkuOSAyMS42IDExLjcgNDQtNi40IDgzLjguNSAxMTYuNyA2LjFzNTkgMTAgNzEuOCAyNS44eiI+PC9wYXRoPjwvc3ZnPg==') !important;}<\/style><figure><span class=\"stk-img-wrapper stk-img--shape stk-image--shape-stretch\"><img loading=\"lazy\" decoding=\"async\" class=\"stk-img wp-image-3585\" src=\"https:\/\/auxvallons.fr\/wp-content\/uploads\/2025\/02\/camping-snack-bauduen.jpg\" width=\"1000\" height=\"513\" alt=\"family campsite in the Verdon\" srcset=\"https:\/\/www.auxvallons.fr\/wp-content\/uploads\/2025\/02\/camping-snack-bauduen.jpg 1000w, https:\/\/www.auxvallons.fr\/wp-content\/uploads\/2025\/02\/camping-snack-bauduen-300x154.jpg 300w, https:\/\/www.auxvallons.fr\/wp-content\/uploads\/2025\/02\/camping-snack-bauduen-768x394.jpg 768w, https:\/\/www.auxvallons.fr\/wp-content\/uploads\/2025\/02\/camping-snack-bauduen-500x257.jpg 500w, https:\/\/www.auxvallons.fr\/wp-content\/uploads\/2025\/02\/camping-snack-bauduen-800x410.jpg 800w\" sizes=\"auto, (max-width: 1000px) 100vw, 1000px\" \/><\/span><\/figure><\/div>\n<\/div><\/div><\/div>\n\n\n\n<div class=\"wp-block-stackable-column stk-block-column stk-column stk-block stk-ca0daff\" data-v=\"4\" data-block-id=\"ca0daff\"><style>.stk-ca0daff-container{margin-top:0px !important;margin-right:auto !important;margin-bottom:0px !important;margin-left:auto !important;background-color:#e5e6d8 !important;border-top-left-radius:15px !important;border-top-right-radius:15px !important;border-bottom-right-radius:15px !important;border-bottom-left-radius:15px !important;overflow:hidden !important;box-shadow:0px 4px 17px 12px #0000004d !important;max-width:463px !important;min-width:auto !important;}.stk-ca0daff-inner-blocks{row-gap:0px !important;}.stk-ca0daff {box-shadow:0px 0px 0px 0px #000000ff !important;margin-top:-200px !important;margin-right:500px !important;z-index:2 !important;}.stk-ca0daff-container:before{background-color:#e5e6d8 !important;}@media screen and (max-width: 767px){.stk-ca0daff {margin-top:0px !important;margin-right:5px !important;margin-bottom:0px !important;margin-left:5px !important;}}<\/style><div class=\"stk-column-wrapper stk-block-column__content stk-container stk-ca0daff-container stk-hover-parent\"><div class=\"has-text-align-left stk-block-content stk-inner-blocks stk-ca0daff-inner-blocks\">\n<div class=\"wp-block-group is-nowrap is-layout-flex wp-container-core-group-is-layout-3e2a60bc wp-block-group-is-layout-flex\" style=\"padding-top:var(--wp--preset--spacing--40);padding-bottom:var(--wp--preset--spacing--40)\" data-block-type=\"core\">\n<h2 class=\"wp-block-heading has-secondary-color has-text-color has-link-color wp-elements-b7ae7e63a9790a70fc19f7b9037da244\">Your services<\/h2>\n<\/div>\n\n\n\n<ul class=\"wp-block-list has-secondary-color has-text-color has-link-color has-small-font-size wp-elements-476cd68d3b51263724b1642e71c7038a\" data-block-type=\"core\">\n<li data-block-type=\"core\">Wifi (fee charged) is available throughout the campsite.<\/li>\n\n\n\n<li data-block-type=\"core\">Breads and pastries baked on site for your breakfasts from May to September<\/li>\n\n\n\n<li data-block-type=\"core\">Restaurant, Bar, Snack bar<\/li>\n\n\n\n<li data-block-type=\"core\">Laundry, washing machine<\/li>\n\n\n\n<li data-block-type=\"core\">Linen and towel hire<\/li>\n\n\n\n<li data-block-type=\"core\">Baby equipment hire<\/li>\n\n\n\n<li data-block-type=\"core\">Loan of board games<\/li>\n<\/ul>\n\n\n\n<p class=\"has-text-align-center has-secondary-color has-text-color has-link-color has-small-font-size wp-elements-f033994d7110146d2893dda5f629148c\" data-block-type=\"core\">Reception open from 9.30 a.m. to 12.00 p.m.<br>and from 3.00 pm to 7.00 pm<\/p>\n<\/div><\/div><\/div>\n<\/div><\/div><\/div>\n<\/div>\n\n\n\n<p data-block-type=\"core\">Pizzeria, restaurant, bar, fresh bread and pastries. <strong>Open 7 days a week, all day from May to September<\/strong>.<br>The restaurant is open every day from May 1st.<br><br>You will find a choice of different dishes (fish, meat, pizzas\u2026), cocktails, ice cream, and delicious desserts.<\/p>\n\n\n\n<div class=\"wp-block-stackable-feature alignfull stk-block-feature stk-block stk-a3f56bf is-style-default\" data-v=\"2\" data-block-id=\"a3f56bf\"><style>.stk-a3f56bf {--stk-feature-flex-wrap:nowrap !important;max-width:1400px !important;min-width:auto !important;padding-top:0px !important;padding-right:0px !important;padding-bottom:0px !important;padding-left:0px !important;margin-top:84px !important;margin-right:auto !important;margin-left:auto !important;}<\/style><div class=\"stk-content-align stk-a3f56bf-column alignwide stk-container stk-a3f56bf-container stk--no-background stk--no-padding\"><div class=\"stk-inner-blocks has-text-align-center stk-block-content stk-row\">\n<div class=\"wp-block-stackable-column stk-block-column stk-column stk-block stk-f469629\" data-v=\"4\" data-block-id=\"f469629\"><style>.stk-f469629 {align-self:center !important;}<\/style><div class=\"stk-column-wrapper stk-block-column__content stk-container stk-f469629-container stk--no-background stk--no-padding\"><div class=\"stk-block-content stk-inner-blocks stk-f469629-inner-blocks\">\n<div class=\"wp-block-group has-global-padding is-layout-constrained wp-block-group-is-layout-constrained\" data-block-type=\"core\">\n<div class=\"wp-block-group is-vertical is-content-justification-center is-layout-flex wp-container-core-group-is-layout-cdf858f8 wp-block-group-is-layout-flex\" style=\"margin-bottom:var(--wp--preset--spacing--50)\" data-block-type=\"core\">\n<h2 class=\"wp-block-heading has-secondary-color has-text-color has-link-color wp-elements-b741e1814088ba06d53a5c210457298e\">Restaurant - Snack bar<br>Takeaway sales<\/h2>\n<\/div>\n\n\n\n<p class=\"has-text-align-left has-small-font-size translation-block\" data-block-type=\"core\">The Aux Vallons restaurant is open every day, all day from May to September, serving breakfast, lunch, afternoon tea and dinner.\nYou will find a variety of dishes, cr\u00eapes, ice creams and summer salads.<\/p>\n\n\n\n<p class=\"has-text-align-left has-small-font-size\" data-block-type=\"core\">In July and August, once a week an evening of <strong>a musical evening<\/strong> is offered in a friendly atmosphere (booking required).<\/p>\n<\/div>\n<\/div><\/div><\/div>\n\n\n\n<div class=\"wp-block-stackable-column stk-block-column stk-column stk-block stk-cd71795\" data-v=\"4\" data-block-id=\"cd71795\"><style>.stk-cd71795 {align-self:center !important;}<\/style><div class=\"stk-column-wrapper stk-block-column__content stk-container stk-cd71795-container stk--no-background stk--no-padding\"><div class=\"stk-block-content stk-inner-blocks stk-cd71795-inner-blocks\">\n<div class=\"wp-block-stackable-image stk-block-image stk-block stk-bbbc1c2\" data-block-id=\"bbbc1c2\"><style>.stk-bbbc1c2 .stk-img-wrapper{width:100% !important;filter:drop-shadow(0px 0px 26px #53544680) !important;--stk-gradient-overlay:0.3 !important;}.stk-bbbc1c2 .stk-img-wrapper img{object-position:30% 62% !important;}.stk-bbbc1c2 .stk-img-wrapper img, .stk-bbbc1c2 .stk-img-wrapper::after, .stk-bbbc1c2 .stk-img-wrapper::before{mask-image:url('data:image\/svg+xml;base64,PHN2ZyB4bWxucz0iaHR0cDovL3d3dy53My5vcmcvMjAwMC9zdmciIHZpZXdCb3g9IjAgMCA2MDAgNjAwIiBwcmVzZXJ2ZUFzcGVjdFJhdGlvPSJub25lIj48cGF0aCBkPSJNNTU1IDY5LjZjNTcuNiA3MC40IDU2LjIgMjA4LjMgMTYuOSAyOTkuOC0zOS4zIDkxLjYtMTE2LjIgMTM2LjgtMTczLjggMTY3LjItNTcuNCAzMC42LTk1LjYgNDYuMy0xNDIuMiA1Ni4yLTQ2LjUgOS45LTEwMS4zIDE0LTEzNS42LTE2LjYtMzQuMi0zMC42LTQ3LjgtOTUuMy03NC41LTE5MkMxOC45IDI4Ny42LTIxIDE1OS4xIDEzLjIgODkgNDcuNCAxOC42IDE1NS45IDYuMyAyNjguMyAxLjZjMTEyLjUtNSAyMjktMi40IDI4Ni43IDY4eiI+PC9wYXRoPjwvc3ZnPg==') !important;-webkit-mask-image:url('data:image\/svg+xml;base64,PHN2ZyB4bWxucz0iaHR0cDovL3d3dy53My5vcmcvMjAwMC9zdmciIHZpZXdCb3g9IjAgMCA2MDAgNjAwIiBwcmVzZXJ2ZUFzcGVjdFJhdGlvPSJub25lIj48cGF0aCBkPSJNNTU1IDY5LjZjNTcuNiA3MC40IDU2LjIgMjA4LjMgMTYuOSAyOTkuOC0zOS4zIDkxLjYtMTE2LjIgMTM2LjgtMTczLjggMTY3LjItNTcuNCAzMC42LTk1LjYgNDYuMy0xNDIuMiA1Ni4yLTQ2LjUgOS45LTEwMS4zIDE0LTEzNS42LTE2LjYtMzQuMi0zMC42LTQ3LjgtOTUuMy03NC41LTE5MkMxOC45IDI4Ny42LTIxIDE1OS4xIDEzLjIgODkgNDcuNCAxOC42IDE1NS45IDYuMyAyNjguMyAxLjZjMTEyLjUtNSAyMjktMi40IDI4Ni43IDY4eiI+PC9wYXRoPjwvc3ZnPg==') !important;}<\/style><figure><span class=\"stk-img-wrapper stk-img--shape stk-image--shape-stretch\"><img loading=\"lazy\" decoding=\"async\" class=\"stk-img wp-image-3587\" src=\"https:\/\/auxvallons.fr\/wp-content\/uploads\/2025\/02\/snack-bar-bauduen.jpg\" width=\"800\" height=\"839\" alt=\"campsite with snack bar\" srcset=\"https:\/\/www.auxvallons.fr\/wp-content\/uploads\/2025\/02\/snack-bar-bauduen.jpg 800w, https:\/\/www.auxvallons.fr\/wp-content\/uploads\/2025\/02\/snack-bar-bauduen-286x300.jpg 286w, https:\/\/www.auxvallons.fr\/wp-content\/uploads\/2025\/02\/snack-bar-bauduen-768x805.jpg 768w, https:\/\/www.auxvallons.fr\/wp-content\/uploads\/2025\/02\/snack-bar-bauduen-500x524.jpg 500w\" sizes=\"auto, (max-width: 800px) 100vw, 800px\" \/><\/span><\/figure><\/div>\n<\/div><\/div><\/div>\n<\/div><\/div><\/div>\n\n\n\n<h3 class=\"wp-block-heading\">The dance of the week<\/h3>\n\n\n\n<p data-block-type=\"core\"><strong>Once a week<\/strong>In July and August, a <strong>lively evening<\/strong> is on offer. (evening concerts, karaoke, dancing, etc.).<\/p>\n\n\n\n<div class=\"wp-block-stackable-image stk-block-image stk-block stk-8e68613\" data-block-id=\"8e68613\"><style>.stk-8e68613 {max-width:140px !important;min-width:auto !important;margin-top:30px !important;margin-right:auto !important;margin-bottom:30px !important;margin-left:auto !important;}<\/style><figure><span class=\"stk-img-wrapper stk-image--shape-stretch\"><img loading=\"lazy\" decoding=\"async\" class=\"stk-img wp-image-311\" src=\"https:\/\/auxvallons.fr\/wp-content\/uploads\/2024\/01\/lavender.png\" width=\"200\" height=\"83\"\/><\/span><\/figure><\/div>\n\n\n\n<h3 class=\"wp-block-heading\">Practical family facilities<\/h3>\n\n\n\n<p data-block-type=\"core\">A children's play area, two table tennis tables and a petanque area.<\/p>\n\n\n\n<p data-block-type=\"core\">There is a laundry room with a washing machine.<br>Baby kit (cot, high chair) subject to availability, to be specified in the comments when booking.<\/p>\n\n\n\n<p data-block-type=\"core\">You can hire a fridge, which will be delivered directly to your pitch.<\/p>\n\n\n<div class=\"wp-block-visual-portfolio alignfull\">\n<div class=\"vp-portfolio vp-uid-66802a4f vp-id-ZIWgul\"\n\tdata-vp-layout=\"masonry\" data-vp-content-source=\"images\" data-vp-items-style=\"default\" data-vp-items-click-action=\"popup_gallery\" data-vp-items-gap=\"6\" data-vp-items-gap-vertical=\"\" data-vp-pagination=\"load-more\" data-vp-next-page-url=\"\" data-vp-masonry-columns=\"3\" >\n\t<div class=\"vp-portfolio__preloader-wrap\">\n\t\t<div class=\"vp-portfolio__preloader\">\n\t\t\t<img decoding=\"async\" loading=\"eager\" src=\"https:\/\/www.auxvallons.fr\/wp-content\/plugins\/visual-portfolio\/assets\/images\/logo-dark.svg\" alt=\"Visual Portfolio, Posts &amp; Image Gallery for WordPress\" width=\"20\" height=\"20\" data-skip-lazy>\n\t\t<\/div>\n\t<\/div>\n\t\t<div class=\"vp-portfolio__items-wrap\">\n\t\t\t\n<div class=\"vp-portfolio__items vp-portfolio__items-style-default vp-portfolio__items-show-overlay-hover\">\n\n\t\t<div\t\tclass=\"vp-portfolio__item-wrap vp-portfolio__item-uid-aea55e55\" data-vp-filter=\"\" \t\t>\n\t\t\t<template class=\"vp-portfolio__item-popup\" style=\"display: none\" data-vp-popup-img=\"https:\/\/www.auxvallons.fr\/wp-content\/uploads\/2025\/02\/snac-auxvallons-83.jpg\" data-vp-popup-img-srcset=\"https:\/\/www.auxvallons.fr\/wp-content\/uploads\/2025\/02\/snac-auxvallons-83.jpg 1200w, https:\/\/www.auxvallons.fr\/wp-content\/uploads\/2025\/02\/snac-auxvallons-83-300x236.jpg 300w, https:\/\/www.auxvallons.fr\/wp-content\/uploads\/2025\/02\/snac-auxvallons-83-1024x804.jpg 1024w, https:\/\/www.auxvallons.fr\/wp-content\/uploads\/2025\/02\/snac-auxvallons-83-768x603.jpg 768w, https:\/\/www.auxvallons.fr\/wp-content\/uploads\/2025\/02\/snac-auxvallons-83-500x393.jpg 500w, https:\/\/www.auxvallons.fr\/wp-content\/uploads\/2025\/02\/snac-auxvallons-83-800x628.jpg 800w\" data-vp-popup-img-size=\"1200x942\" data-vp-popup-md-img=\"https:\/\/www.auxvallons.fr\/wp-content\/uploads\/2025\/02\/snac-auxvallons-83-800x628.jpg\" data-vp-popup-md-img-size=\"800x628\" data-vp-popup-sm-img=\"https:\/\/www.auxvallons.fr\/wp-content\/uploads\/2025\/02\/snac-auxvallons-83-500x393.jpg\" data-vp-popup-sm-img-size=\"500x393\">\n\t<\/template>\n\t\t\t\t\t\t<figure class=\"vp-portfolio__item\">\n\t\t\t\t\n<div class=\"vp-portfolio__item-img-wrap\">\n\t<div class=\"vp-portfolio__item-img\">\n\t\t\t<a\n\t\thref=\"https:\/\/www.auxvallons.fr\/wp-content\/uploads\/2025\/02\/snac-auxvallons-83.jpg\"\n\t\taria-label=\"Open image\" \t>\n\t\n\t\t<noscript><img loading=\"lazy\" decoding=\"async\" width=\"1200\" height=\"942\" data-skip-lazy src=\"https:\/\/www.auxvallons.fr\/wp-content\/uploads\/2025\/02\/snac-auxvallons-83.jpg\" class=\"wp-image-3595\" alt=\"Snack bar at Aux Vallons campsite\" srcset=\"https:\/\/www.auxvallons.fr\/wp-content\/uploads\/2025\/02\/snac-auxvallons-83.jpg 1200w, https:\/\/www.auxvallons.fr\/wp-content\/uploads\/2025\/02\/snac-auxvallons-83-300x236.jpg 300w, https:\/\/www.auxvallons.fr\/wp-content\/uploads\/2025\/02\/snac-auxvallons-83-1024x804.jpg 1024w, https:\/\/www.auxvallons.fr\/wp-content\/uploads\/2025\/02\/snac-auxvallons-83-768x603.jpg 768w, https:\/\/www.auxvallons.fr\/wp-content\/uploads\/2025\/02\/snac-auxvallons-83-500x393.jpg 500w, https:\/\/www.auxvallons.fr\/wp-content\/uploads\/2025\/02\/snac-auxvallons-83-800x628.jpg 800w\" sizes=\"auto, (max-width: 1200px) 100vw, 1200px\" \/><\/noscript><img fetchpriority=\"high\" decoding=\"async\" width=\"1200\" height=\"942\" src=\"https:\/\/www.auxvallons.fr\/wp-content\/uploads\/2025\/02\/snac-auxvallons-83.jpg\" class=\"wp-image-3595 vp-lazyload\" alt=\"Snack bar at Aux Vallons campsite\" srcset=\"data:image\/svg+xml;base64,PHN2ZyB3aWR0aD0iMTIwMCIgaGVpZ2h0PSI5NDIiIHZpZXdCb3g9IjAgMCAxMjAwIDk0MiIgZmlsbD0ibm9uZSIgeG1sbnM9Imh0dHA6Ly93d3cudzMub3JnLzIwMDAvc3ZnIj48L3N2Zz4=\" data-src=\"https:\/\/www.auxvallons.fr\/wp-content\/uploads\/2025\/02\/snac-auxvallons-83.jpg\" data-srcset=\"https:\/\/www.auxvallons.fr\/wp-content\/uploads\/2025\/02\/snac-auxvallons-83.jpg 1200w, https:\/\/www.auxvallons.fr\/wp-content\/uploads\/2025\/02\/snac-auxvallons-83-300x236.jpg 300w, https:\/\/www.auxvallons.fr\/wp-content\/uploads\/2025\/02\/snac-auxvallons-83-1024x804.jpg 1024w, https:\/\/www.auxvallons.fr\/wp-content\/uploads\/2025\/02\/snac-auxvallons-83-768x603.jpg 768w, https:\/\/www.auxvallons.fr\/wp-content\/uploads\/2025\/02\/snac-auxvallons-83-500x393.jpg 500w, https:\/\/www.auxvallons.fr\/wp-content\/uploads\/2025\/02\/snac-auxvallons-83-800x628.jpg 800w\" data-sizes=\"auto\" loading=\"eager\">\n\t\t<div class=\"vp-portfolio__item-overlay\">\n\t\t\t\t\t<\/div>\n\n\t\t<\/a>\t<\/div>\n<\/div>\n\n\t\t\t<\/figure>\n\t\t\t\t\t<\/div>\n\t\t\n\t\t<div\t\tclass=\"vp-portfolio__item-wrap vp-portfolio__item-uid-7aa6d2d0\" data-vp-filter=\"\" \t\t>\n\t\t\t<template class=\"vp-portfolio__item-popup\" style=\"display: none\" data-vp-popup-img=\"https:\/\/www.auxvallons.fr\/wp-content\/uploads\/2025\/02\/location-verdon-centre-ville.jpg\" data-vp-popup-img-srcset=\"https:\/\/www.auxvallons.fr\/wp-content\/uploads\/2025\/02\/location-verdon-centre-ville.jpg 1200w, https:\/\/www.auxvallons.fr\/wp-content\/uploads\/2025\/02\/location-verdon-centre-ville-300x225.jpg 300w, https:\/\/www.auxvallons.fr\/wp-content\/uploads\/2025\/02\/location-verdon-centre-ville-1024x769.jpg 1024w, https:\/\/www.auxvallons.fr\/wp-content\/uploads\/2025\/02\/location-verdon-centre-ville-768x577.jpg 768w, https:\/\/www.auxvallons.fr\/wp-content\/uploads\/2025\/02\/location-verdon-centre-ville-500x375.jpg 500w, https:\/\/www.auxvallons.fr\/wp-content\/uploads\/2025\/02\/location-verdon-centre-ville-800x601.jpg 800w\" data-vp-popup-img-size=\"1200x901\" data-vp-popup-md-img=\"https:\/\/www.auxvallons.fr\/wp-content\/uploads\/2025\/02\/location-verdon-centre-ville-800x601.jpg\" data-vp-popup-md-img-size=\"800x601\" data-vp-popup-sm-img=\"https:\/\/www.auxvallons.fr\/wp-content\/uploads\/2025\/02\/location-verdon-centre-ville-500x375.jpg\" data-vp-popup-sm-img-size=\"500x375\">\n\t<\/template>\n\t\t\t\t\t\t<figure class=\"vp-portfolio__item\">\n\t\t\t\t\n<div class=\"vp-portfolio__item-img-wrap\">\n\t<div class=\"vp-portfolio__item-img\">\n\t\t\t<a\n\t\thref=\"https:\/\/www.auxvallons.fr\/wp-content\/uploads\/2025\/02\/location-verdon-centre-ville.jpg\"\n\t\taria-label=\"Open image\" \t>\n\t\n\t\t<noscript><img loading=\"lazy\" decoding=\"async\" width=\"1200\" height=\"901\" data-skip-lazy src=\"https:\/\/www.auxvallons.fr\/wp-content\/uploads\/2025\/02\/location-verdon-centre-ville.jpg\" class=\"wp-image-3593\" alt=\"rental in the verdon in the town centre\" srcset=\"https:\/\/www.auxvallons.fr\/wp-content\/uploads\/2025\/02\/location-verdon-centre-ville.jpg 1200w, https:\/\/www.auxvallons.fr\/wp-content\/uploads\/2025\/02\/location-verdon-centre-ville-300x225.jpg 300w, https:\/\/www.auxvallons.fr\/wp-content\/uploads\/2025\/02\/location-verdon-centre-ville-1024x769.jpg 1024w, https:\/\/www.auxvallons.fr\/wp-content\/uploads\/2025\/02\/location-verdon-centre-ville-768x577.jpg 768w, https:\/\/www.auxvallons.fr\/wp-content\/uploads\/2025\/02\/location-verdon-centre-ville-500x375.jpg 500w, https:\/\/www.auxvallons.fr\/wp-content\/uploads\/2025\/02\/location-verdon-centre-ville-800x601.jpg 800w\" sizes=\"auto, (max-width: 1200px) 100vw, 1200px\" \/><\/noscript><img decoding=\"async\" width=\"1200\" height=\"901\" src=\"https:\/\/www.auxvallons.fr\/wp-content\/uploads\/2025\/02\/location-verdon-centre-ville.jpg\" class=\"wp-image-3593 vp-lazyload\" alt=\"rental in the verdon in the town centre\" srcset=\"data:image\/svg+xml;base64,PHN2ZyB3aWR0aD0iMTIwMCIgaGVpZ2h0PSI5MDEiIHZpZXdCb3g9IjAgMCAxMjAwIDkwMSIgZmlsbD0ibm9uZSIgeG1sbnM9Imh0dHA6Ly93d3cudzMub3JnLzIwMDAvc3ZnIj48L3N2Zz4=\" data-src=\"https:\/\/www.auxvallons.fr\/wp-content\/uploads\/2025\/02\/location-verdon-centre-ville.jpg\" data-srcset=\"https:\/\/www.auxvallons.fr\/wp-content\/uploads\/2025\/02\/location-verdon-centre-ville.jpg 1200w, https:\/\/www.auxvallons.fr\/wp-content\/uploads\/2025\/02\/location-verdon-centre-ville-300x225.jpg 300w, https:\/\/www.auxvallons.fr\/wp-content\/uploads\/2025\/02\/location-verdon-centre-ville-1024x769.jpg 1024w, https:\/\/www.auxvallons.fr\/wp-content\/uploads\/2025\/02\/location-verdon-centre-ville-768x577.jpg 768w, https:\/\/www.auxvallons.fr\/wp-content\/uploads\/2025\/02\/location-verdon-centre-ville-500x375.jpg 500w, https:\/\/www.auxvallons.fr\/wp-content\/uploads\/2025\/02\/location-verdon-centre-ville-800x601.jpg 800w\" data-sizes=\"auto\" loading=\"eager\">\n\t\t<div class=\"vp-portfolio__item-overlay\">\n\t\t\t\t\t<\/div>\n\n\t\t<\/a>\t<\/div>\n<\/div>\n\n\t\t\t<\/figure>\n\t\t\t\t\t<\/div>\n\t\t\n\t\t<div\t\tclass=\"vp-portfolio__item-wrap vp-portfolio__item-uid-a54e4765\" data-vp-filter=\"\" \t\t>\n\t\t\t<template class=\"vp-portfolio__item-popup\" style=\"display: none\" data-vp-popup-img=\"https:\/\/www.auxvallons.fr\/wp-content\/uploads\/2024\/12\/camping-aiguines-enfants.jpg\" data-vp-popup-img-srcset=\"https:\/\/www.auxvallons.fr\/wp-content\/uploads\/2024\/12\/camping-aiguines-enfants.jpg 1000w, https:\/\/www.auxvallons.fr\/wp-content\/uploads\/2024\/12\/camping-aiguines-enfants-300x225.jpg 300w, https:\/\/www.auxvallons.fr\/wp-content\/uploads\/2024\/12\/camping-aiguines-enfants-768x576.jpg 768w, https:\/\/www.auxvallons.fr\/wp-content\/uploads\/2024\/12\/camping-aiguines-enfants-500x375.jpg 500w, https:\/\/www.auxvallons.fr\/wp-content\/uploads\/2024\/12\/camping-aiguines-enfants-800x600.jpg 800w\" data-vp-popup-img-size=\"1000x750\" data-vp-popup-md-img=\"https:\/\/www.auxvallons.fr\/wp-content\/uploads\/2024\/12\/camping-aiguines-enfants-800x600.jpg\" data-vp-popup-md-img-size=\"800x600\" data-vp-popup-sm-img=\"https:\/\/www.auxvallons.fr\/wp-content\/uploads\/2024\/12\/camping-aiguines-enfants-500x375.jpg\" data-vp-popup-sm-img-size=\"500x375\">\n\t<\/template>\n\t\t\t\t\t\t<figure class=\"vp-portfolio__item\">\n\t\t\t\t\n<div class=\"vp-portfolio__item-img-wrap\">\n\t<div class=\"vp-portfolio__item-img\">\n\t\t\t<a\n\t\thref=\"https:\/\/www.auxvallons.fr\/wp-content\/uploads\/2024\/12\/camping-aiguines-enfants.jpg\"\n\t\taria-label=\"Open image\" \t>\n\t\n\t\t<noscript><img loading=\"lazy\" decoding=\"async\" width=\"1000\" height=\"750\" data-skip-lazy src=\"https:\/\/www.auxvallons.fr\/wp-content\/uploads\/2024\/12\/camping-aiguines-enfants.jpg\" class=\"wp-image-3073\" alt=\"camping Aiguines for children\" srcset=\"https:\/\/www.auxvallons.fr\/wp-content\/uploads\/2024\/12\/camping-aiguines-enfants.jpg 1000w, https:\/\/www.auxvallons.fr\/wp-content\/uploads\/2024\/12\/camping-aiguines-enfants-300x225.jpg 300w, https:\/\/www.auxvallons.fr\/wp-content\/uploads\/2024\/12\/camping-aiguines-enfants-768x576.jpg 768w, https:\/\/www.auxvallons.fr\/wp-content\/uploads\/2024\/12\/camping-aiguines-enfants-500x375.jpg 500w, https:\/\/www.auxvallons.fr\/wp-content\/uploads\/2024\/12\/camping-aiguines-enfants-800x600.jpg 800w\" sizes=\"auto, (max-width: 1000px) 100vw, 1000px\" \/><\/noscript><img decoding=\"async\" width=\"1000\" height=\"750\" src=\"https:\/\/www.auxvallons.fr\/wp-content\/uploads\/2024\/12\/camping-aiguines-enfants.jpg\" class=\"wp-image-3073 vp-lazyload\" alt=\"camping Aiguines for children\" srcset=\"data:image\/svg+xml;base64,PHN2ZyB3aWR0aD0iMTAwMCIgaGVpZ2h0PSI3NTAiIHZpZXdCb3g9IjAgMCAxMDAwIDc1MCIgZmlsbD0ibm9uZSIgeG1sbnM9Imh0dHA6Ly93d3cudzMub3JnLzIwMDAvc3ZnIj48L3N2Zz4=\" data-src=\"https:\/\/www.auxvallons.fr\/wp-content\/uploads\/2024\/12\/camping-aiguines-enfants.jpg\" data-srcset=\"https:\/\/www.auxvallons.fr\/wp-content\/uploads\/2024\/12\/camping-aiguines-enfants.jpg 1000w, https:\/\/www.auxvallons.fr\/wp-content\/uploads\/2024\/12\/camping-aiguines-enfants-300x225.jpg 300w, https:\/\/www.auxvallons.fr\/wp-content\/uploads\/2024\/12\/camping-aiguines-enfants-768x576.jpg 768w, https:\/\/www.auxvallons.fr\/wp-content\/uploads\/2024\/12\/camping-aiguines-enfants-500x375.jpg 500w, https:\/\/www.auxvallons.fr\/wp-content\/uploads\/2024\/12\/camping-aiguines-enfants-800x600.jpg 800w\" data-sizes=\"auto\" loading=\"eager\">\n\t\t<div class=\"vp-portfolio__item-overlay\">\n\t\t\t\t\t<\/div>\n\n\t\t<\/a>\t<\/div>\n<\/div>\n\n\t\t\t<\/figure>\n\t\t\t\t\t<\/div>\n\t\t\n\t\t<div\t\tclass=\"vp-portfolio__item-wrap vp-portfolio__item-uid-9f43aacc\" data-vp-filter=\"\" \t\t>\n\t\t\t<template class=\"vp-portfolio__item-popup\" style=\"display: none\" data-vp-popup-img=\"https:\/\/www.auxvallons.fr\/wp-content\/uploads\/2024\/12\/airedekeux-camping.jpg\" data-vp-popup-img-srcset=\"https:\/\/www.auxvallons.fr\/wp-content\/uploads\/2024\/12\/airedekeux-camping.jpg 666w, https:\/\/www.auxvallons.fr\/wp-content\/uploads\/2024\/12\/airedekeux-camping-200x300.jpg 200w, https:\/\/www.auxvallons.fr\/wp-content\/uploads\/2024\/12\/airedekeux-camping-500x751.jpg 500w\" data-vp-popup-img-size=\"666x1000\" data-vp-popup-md-img=\"https:\/\/www.auxvallons.fr\/wp-content\/uploads\/2024\/12\/airedekeux-camping.jpg\" data-vp-popup-md-img-size=\"666x1000\" data-vp-popup-sm-img=\"https:\/\/www.auxvallons.fr\/wp-content\/uploads\/2024\/12\/airedekeux-camping-500x751.jpg\" data-vp-popup-sm-img-size=\"500x751\">\n\t<\/template>\n\t\t\t\t\t\t<figure class=\"vp-portfolio__item\">\n\t\t\t\t\n<div class=\"vp-portfolio__item-img-wrap\">\n\t<div class=\"vp-portfolio__item-img\">\n\t\t\t<a\n\t\thref=\"https:\/\/www.auxvallons.fr\/wp-content\/uploads\/2024\/12\/airedekeux-camping.jpg\"\n\t\taria-label=\"Open image\" \t>\n\t\n\t\t<noscript><img loading=\"lazy\" decoding=\"async\" width=\"666\" height=\"1000\" data-skip-lazy src=\"https:\/\/www.auxvallons.fr\/wp-content\/uploads\/2024\/12\/airedekeux-camping.jpg\" class=\"wp-image-3077\" alt=\"camping for children in the Var\" srcset=\"https:\/\/www.auxvallons.fr\/wp-content\/uploads\/2024\/12\/airedekeux-camping.jpg 666w, https:\/\/www.auxvallons.fr\/wp-content\/uploads\/2024\/12\/airedekeux-camping-200x300.jpg 200w, https:\/\/www.auxvallons.fr\/wp-content\/uploads\/2024\/12\/airedekeux-camping-500x751.jpg 500w\" sizes=\"auto, (max-width: 666px) 100vw, 666px\" \/><\/noscript><img decoding=\"async\" width=\"666\" height=\"1000\" src=\"https:\/\/www.auxvallons.fr\/wp-content\/uploads\/2024\/12\/airedekeux-camping.jpg\" class=\"wp-image-3077 vp-lazyload\" alt=\"camping for children in the Var\" srcset=\"data:image\/svg+xml;base64,PHN2ZyB3aWR0aD0iNjY2IiBoZWlnaHQ9IjEwMDAiIHZpZXdCb3g9IjAgMCA2NjYgMTAwMCIgZmlsbD0ibm9uZSIgeG1sbnM9Imh0dHA6Ly93d3cudzMub3JnLzIwMDAvc3ZnIj48L3N2Zz4=\" data-src=\"https:\/\/www.auxvallons.fr\/wp-content\/uploads\/2024\/12\/airedekeux-camping.jpg\" data-srcset=\"https:\/\/www.auxvallons.fr\/wp-content\/uploads\/2024\/12\/airedekeux-camping.jpg 666w, https:\/\/www.auxvallons.fr\/wp-content\/uploads\/2024\/12\/airedekeux-camping-200x300.jpg 200w, https:\/\/www.auxvallons.fr\/wp-content\/uploads\/2024\/12\/airedekeux-camping-500x751.jpg 500w\" data-sizes=\"auto\" loading=\"eager\">\n\t\t<div class=\"vp-portfolio__item-overlay\">\n\t\t\t\t\t<\/div>\n\n\t\t<\/a>\t<\/div>\n<\/div>\n\n\t\t\t<\/figure>\n\t\t\t\t\t<\/div>\n\t\t\n\t\t<div\t\tclass=\"vp-portfolio__item-wrap vp-portfolio__item-uid-5c483c8c\" data-vp-filter=\"\" \t\t>\n\t\t\t<template class=\"vp-portfolio__item-popup\" style=\"display: none\" data-vp-popup-img=\"https:\/\/www.auxvallons.fr\/wp-content\/uploads\/2025\/02\/glace-au-camping.jpg\" data-vp-popup-img-srcset=\"https:\/\/www.auxvallons.fr\/wp-content\/uploads\/2025\/02\/glace-au-camping.jpg 800w, https:\/\/www.auxvallons.fr\/wp-content\/uploads\/2025\/02\/glace-au-camping-225x300.jpg 225w, https:\/\/www.auxvallons.fr\/wp-content\/uploads\/2025\/02\/glace-au-camping-769x1024.jpg 769w, https:\/\/www.auxvallons.fr\/wp-content\/uploads\/2025\/02\/glace-au-camping-768x1022.jpg 768w, https:\/\/www.auxvallons.fr\/wp-content\/uploads\/2025\/02\/glace-au-camping-500x666.jpg 500w\" data-vp-popup-img-size=\"800x1065\" data-vp-popup-md-img=\"https:\/\/www.auxvallons.fr\/wp-content\/uploads\/2025\/02\/glace-au-camping.jpg\" data-vp-popup-md-img-size=\"800x1065\" data-vp-popup-sm-img=\"https:\/\/www.auxvallons.fr\/wp-content\/uploads\/2025\/02\/glace-au-camping-500x666.jpg\" data-vp-popup-sm-img-size=\"500x666\">\n\t<\/template>\n\t\t\t\t\t\t<figure class=\"vp-portfolio__item\">\n\t\t\t\t\n<div class=\"vp-portfolio__item-img-wrap\">\n\t<div class=\"vp-portfolio__item-img\">\n\t\t\t<a\n\t\thref=\"https:\/\/www.auxvallons.fr\/wp-content\/uploads\/2025\/02\/glace-au-camping.jpg\"\n\t\taria-label=\"Open image\" \t>\n\t\n\t\t<noscript><img loading=\"lazy\" decoding=\"async\" width=\"800\" height=\"1065\" data-skip-lazy src=\"https:\/\/www.auxvallons.fr\/wp-content\/uploads\/2025\/02\/glace-au-camping.jpg\" class=\"wp-image-3591\" alt=\"galce at the campsite snack bar 83\" srcset=\"https:\/\/www.auxvallons.fr\/wp-content\/uploads\/2025\/02\/glace-au-camping.jpg 800w, https:\/\/www.auxvallons.fr\/wp-content\/uploads\/2025\/02\/glace-au-camping-225x300.jpg 225w, https:\/\/www.auxvallons.fr\/wp-content\/uploads\/2025\/02\/glace-au-camping-769x1024.jpg 769w, https:\/\/www.auxvallons.fr\/wp-content\/uploads\/2025\/02\/glace-au-camping-768x1022.jpg 768w, https:\/\/www.auxvallons.fr\/wp-content\/uploads\/2025\/02\/glace-au-camping-500x666.jpg 500w\" sizes=\"auto, (max-width: 800px) 100vw, 800px\" \/><\/noscript><img decoding=\"async\" width=\"800\" height=\"1065\" src=\"https:\/\/www.auxvallons.fr\/wp-content\/uploads\/2025\/02\/glace-au-camping.jpg\" class=\"wp-image-3591 vp-lazyload\" alt=\"galce at the campsite snack bar 83\" srcset=\"data:image\/svg+xml;base64,PHN2ZyB3aWR0aD0iODAwIiBoZWlnaHQ9IjEwNjUiIHZpZXdCb3g9IjAgMCA4MDAgMTA2NSIgZmlsbD0ibm9uZSIgeG1sbnM9Imh0dHA6Ly93d3cudzMub3JnLzIwMDAvc3ZnIj48L3N2Zz4=\" data-src=\"https:\/\/www.auxvallons.fr\/wp-content\/uploads\/2025\/02\/glace-au-camping.jpg\" data-srcset=\"https:\/\/www.auxvallons.fr\/wp-content\/uploads\/2025\/02\/glace-au-camping.jpg 800w, https:\/\/www.auxvallons.fr\/wp-content\/uploads\/2025\/02\/glace-au-camping-225x300.jpg 225w, https:\/\/www.auxvallons.fr\/wp-content\/uploads\/2025\/02\/glace-au-camping-769x1024.jpg 769w, https:\/\/www.auxvallons.fr\/wp-content\/uploads\/2025\/02\/glace-au-camping-768x1022.jpg 768w, https:\/\/www.auxvallons.fr\/wp-content\/uploads\/2025\/02\/glace-au-camping-500x666.jpg 500w\" data-sizes=\"auto\" loading=\"eager\">\n\t\t<div class=\"vp-portfolio__item-overlay\">\n\t\t\t\t\t<\/div>\n\n\t\t<\/a>\t<\/div>\n<\/div>\n\n\t\t\t<\/figure>\n\t\t\t\t\t<\/div>\n\t\t\n\t\t<div\t\tclass=\"vp-portfolio__item-wrap vp-portfolio__item-uid-67046ffa\" data-vp-filter=\"\" \t\t>\n\t\t\t<template class=\"vp-portfolio__item-popup\" style=\"display: none\" data-vp-popup-img=\"https:\/\/www.auxvallons.fr\/wp-content\/uploads\/2024\/12\/camping-verdon-snack.jpg\" data-vp-popup-img-srcset=\"https:\/\/www.auxvallons.fr\/wp-content\/uploads\/2024\/12\/camping-verdon-snack.jpg 1000w, https:\/\/www.auxvallons.fr\/wp-content\/uploads\/2024\/12\/camping-verdon-snack-300x225.jpg 300w, https:\/\/www.auxvallons.fr\/wp-content\/uploads\/2024\/12\/camping-verdon-snack-768x576.jpg 768w, https:\/\/www.auxvallons.fr\/wp-content\/uploads\/2024\/12\/camping-verdon-snack-500x375.jpg 500w, https:\/\/www.auxvallons.fr\/wp-content\/uploads\/2024\/12\/camping-verdon-snack-800x600.jpg 800w\" data-vp-popup-img-size=\"1000x750\" data-vp-popup-md-img=\"https:\/\/www.auxvallons.fr\/wp-content\/uploads\/2024\/12\/camping-verdon-snack-800x600.jpg\" data-vp-popup-md-img-size=\"800x600\" data-vp-popup-sm-img=\"https:\/\/www.auxvallons.fr\/wp-content\/uploads\/2024\/12\/camping-verdon-snack-500x375.jpg\" data-vp-popup-sm-img-size=\"500x375\">\n\t<\/template>\n\t\t\t\t\t\t<figure class=\"vp-portfolio__item\">\n\t\t\t\t\n<div class=\"vp-portfolio__item-img-wrap\">\n\t<div class=\"vp-portfolio__item-img\">\n\t\t\t<a\n\t\thref=\"https:\/\/www.auxvallons.fr\/wp-content\/uploads\/2024\/12\/camping-verdon-snack.jpg\"\n\t\taria-label=\"Open image\" \t>\n\t\n\t\t<noscript><img loading=\"lazy\" decoding=\"async\" width=\"1000\" height=\"750\" data-skip-lazy src=\"https:\/\/www.auxvallons.fr\/wp-content\/uploads\/2024\/12\/camping-verdon-snack.jpg\" class=\"wp-image-3076\" alt=\"campsite with snack bar\" srcset=\"https:\/\/www.auxvallons.fr\/wp-content\/uploads\/2024\/12\/camping-verdon-snack.jpg 1000w, https:\/\/www.auxvallons.fr\/wp-content\/uploads\/2024\/12\/camping-verdon-snack-300x225.jpg 300w, https:\/\/www.auxvallons.fr\/wp-content\/uploads\/2024\/12\/camping-verdon-snack-768x576.jpg 768w, https:\/\/www.auxvallons.fr\/wp-content\/uploads\/2024\/12\/camping-verdon-snack-500x375.jpg 500w, https:\/\/www.auxvallons.fr\/wp-content\/uploads\/2024\/12\/camping-verdon-snack-800x600.jpg 800w\" sizes=\"auto, (max-width: 1000px) 100vw, 1000px\" \/><\/noscript><img decoding=\"async\" width=\"1000\" height=\"750\" src=\"https:\/\/www.auxvallons.fr\/wp-content\/uploads\/2024\/12\/camping-verdon-snack.jpg\" class=\"wp-image-3076 vp-lazyload\" alt=\"campsite with snack bar\" srcset=\"data:image\/svg+xml;base64,PHN2ZyB3aWR0aD0iMTAwMCIgaGVpZ2h0PSI3NTAiIHZpZXdCb3g9IjAgMCAxMDAwIDc1MCIgZmlsbD0ibm9uZSIgeG1sbnM9Imh0dHA6Ly93d3cudzMub3JnLzIwMDAvc3ZnIj48L3N2Zz4=\" data-src=\"https:\/\/www.auxvallons.fr\/wp-content\/uploads\/2024\/12\/camping-verdon-snack.jpg\" data-srcset=\"https:\/\/www.auxvallons.fr\/wp-content\/uploads\/2024\/12\/camping-verdon-snack.jpg 1000w, https:\/\/www.auxvallons.fr\/wp-content\/uploads\/2024\/12\/camping-verdon-snack-300x225.jpg 300w, https:\/\/www.auxvallons.fr\/wp-content\/uploads\/2024\/12\/camping-verdon-snack-768x576.jpg 768w, https:\/\/www.auxvallons.fr\/wp-content\/uploads\/2024\/12\/camping-verdon-snack-500x375.jpg 500w, https:\/\/www.auxvallons.fr\/wp-content\/uploads\/2024\/12\/camping-verdon-snack-800x600.jpg 800w\" data-sizes=\"auto\" loading=\"eager\">\n\t\t<div class=\"vp-portfolio__item-overlay\">\n\t\t\t\t\t<\/div>\n\n\t\t<\/a>\t<\/div>\n<\/div>\n\n\t\t\t<\/figure>\n\t\t\t\t\t<\/div>\n\t\t\n\t\t<div\t\tclass=\"vp-portfolio__item-wrap vp-portfolio__item-uid-ceaa7406\" data-vp-filter=\"\" \t\t>\n\t\t\t<template class=\"vp-portfolio__item-popup\" style=\"display: none\" data-vp-popup-img=\"https:\/\/www.auxvallons.fr\/wp-content\/uploads\/2024\/12\/camping-sud-animation.jpg\" data-vp-popup-img-srcset=\"https:\/\/www.auxvallons.fr\/wp-content\/uploads\/2024\/12\/camping-sud-animation.jpg 1000w, https:\/\/www.auxvallons.fr\/wp-content\/uploads\/2024\/12\/camping-sud-animation-300x225.jpg 300w, https:\/\/www.auxvallons.fr\/wp-content\/uploads\/2024\/12\/camping-sud-animation-768x576.jpg 768w, https:\/\/www.auxvallons.fr\/wp-content\/uploads\/2024\/12\/camping-sud-animation-500x375.jpg 500w, https:\/\/www.auxvallons.fr\/wp-content\/uploads\/2024\/12\/camping-sud-animation-800x600.jpg 800w\" data-vp-popup-img-size=\"1000x750\" data-vp-popup-md-img=\"https:\/\/www.auxvallons.fr\/wp-content\/uploads\/2024\/12\/camping-sud-animation-800x600.jpg\" data-vp-popup-md-img-size=\"800x600\" data-vp-popup-sm-img=\"https:\/\/www.auxvallons.fr\/wp-content\/uploads\/2024\/12\/camping-sud-animation-500x375.jpg\" data-vp-popup-sm-img-size=\"500x375\">\n\t<\/template>\n\t\t\t\t\t\t<figure class=\"vp-portfolio__item\">\n\t\t\t\t\n<div class=\"vp-portfolio__item-img-wrap\">\n\t<div class=\"vp-portfolio__item-img\">\n\t\t\t<a\n\t\thref=\"https:\/\/www.auxvallons.fr\/wp-content\/uploads\/2024\/12\/camping-sud-animation.jpg\"\n\t\taria-label=\"Open image\" \t>\n\t\n\t\t<noscript><img loading=\"lazy\" decoding=\"async\" width=\"1000\" height=\"750\" data-skip-lazy src=\"https:\/\/www.auxvallons.fr\/wp-content\/uploads\/2024\/12\/camping-sud-animation.jpg\" class=\"wp-image-3074\" alt=\"campsite in the south with entertainment\" srcset=\"https:\/\/www.auxvallons.fr\/wp-content\/uploads\/2024\/12\/camping-sud-animation.jpg 1000w, https:\/\/www.auxvallons.fr\/wp-content\/uploads\/2024\/12\/camping-sud-animation-300x225.jpg 300w, https:\/\/www.auxvallons.fr\/wp-content\/uploads\/2024\/12\/camping-sud-animation-768x576.jpg 768w, https:\/\/www.auxvallons.fr\/wp-content\/uploads\/2024\/12\/camping-sud-animation-500x375.jpg 500w, https:\/\/www.auxvallons.fr\/wp-content\/uploads\/2024\/12\/camping-sud-animation-800x600.jpg 800w\" sizes=\"auto, (max-width: 1000px) 100vw, 1000px\" \/><\/noscript><img decoding=\"async\" width=\"1000\" height=\"750\" src=\"https:\/\/www.auxvallons.fr\/wp-content\/uploads\/2024\/12\/camping-sud-animation.jpg\" class=\"wp-image-3074 vp-lazyload\" alt=\"campsite in the south with entertainment\" srcset=\"data:image\/svg+xml;base64,PHN2ZyB3aWR0aD0iMTAwMCIgaGVpZ2h0PSI3NTAiIHZpZXdCb3g9IjAgMCAxMDAwIDc1MCIgZmlsbD0ibm9uZSIgeG1sbnM9Imh0dHA6Ly93d3cudzMub3JnLzIwMDAvc3ZnIj48L3N2Zz4=\" data-src=\"https:\/\/www.auxvallons.fr\/wp-content\/uploads\/2024\/12\/camping-sud-animation.jpg\" data-srcset=\"https:\/\/www.auxvallons.fr\/wp-content\/uploads\/2024\/12\/camping-sud-animation.jpg 1000w, https:\/\/www.auxvallons.fr\/wp-content\/uploads\/2024\/12\/camping-sud-animation-300x225.jpg 300w, https:\/\/www.auxvallons.fr\/wp-content\/uploads\/2024\/12\/camping-sud-animation-768x576.jpg 768w, https:\/\/www.auxvallons.fr\/wp-content\/uploads\/2024\/12\/camping-sud-animation-500x375.jpg 500w, https:\/\/www.auxvallons.fr\/wp-content\/uploads\/2024\/12\/camping-sud-animation-800x600.jpg 800w\" data-sizes=\"auto\" loading=\"eager\">\n\t\t<div class=\"vp-portfolio__item-overlay\">\n\t\t\t\t\t<\/div>\n\n\t\t<\/a>\t<\/div>\n<\/div>\n\n\t\t\t<\/figure>\n\t\t\t\t\t<\/div>\n\t\t\n\t\t<div\t\tclass=\"vp-portfolio__item-wrap vp-portfolio__item-uid-6cef76ca\" data-vp-filter=\"\" \t\t>\n\t\t\t<template class=\"vp-portfolio__item-popup\" style=\"display: none\" data-vp-popup-img=\"https:\/\/www.auxvallons.fr\/wp-content\/uploads\/2025\/02\/campingouvertalannee-verdon.jpg\" data-vp-popup-img-srcset=\"https:\/\/www.auxvallons.fr\/wp-content\/uploads\/2025\/02\/campingouvertalannee-verdon.jpg 1200w, https:\/\/www.auxvallons.fr\/wp-content\/uploads\/2025\/02\/campingouvertalannee-verdon-300x225.jpg 300w, https:\/\/www.auxvallons.fr\/wp-content\/uploads\/2025\/02\/campingouvertalannee-verdon-1024x768.jpg 1024w, https:\/\/www.auxvallons.fr\/wp-content\/uploads\/2025\/02\/campingouvertalannee-verdon-768x576.jpg 768w, https:\/\/www.auxvallons.fr\/wp-content\/uploads\/2025\/02\/campingouvertalannee-verdon-500x375.jpg 500w, https:\/\/www.auxvallons.fr\/wp-content\/uploads\/2025\/02\/campingouvertalannee-verdon-800x600.jpg 800w\" data-vp-popup-img-size=\"1200x900\" data-vp-popup-md-img=\"https:\/\/www.auxvallons.fr\/wp-content\/uploads\/2025\/02\/campingouvertalannee-verdon-800x600.jpg\" data-vp-popup-md-img-size=\"800x600\" data-vp-popup-sm-img=\"https:\/\/www.auxvallons.fr\/wp-content\/uploads\/2025\/02\/campingouvertalannee-verdon-500x375.jpg\" data-vp-popup-sm-img-size=\"500x375\">\n\t<\/template>\n\t\t\t\t\t\t<figure class=\"vp-portfolio__item\">\n\t\t\t\t\n<div class=\"vp-portfolio__item-img-wrap\">\n\t<div class=\"vp-portfolio__item-img\">\n\t\t\t<a\n\t\thref=\"https:\/\/www.auxvallons.fr\/wp-content\/uploads\/2025\/02\/campingouvertalannee-verdon.jpg\"\n\t\taria-label=\"Open image\" \t>\n\t\n\t\t<noscript><img loading=\"lazy\" decoding=\"async\" width=\"1200\" height=\"900\" data-skip-lazy src=\"https:\/\/www.auxvallons.fr\/wp-content\/uploads\/2025\/02\/campingouvertalannee-verdon.jpg\" class=\"wp-image-3590\" alt=\"campsite open all year in Verdon\" srcset=\"https:\/\/www.auxvallons.fr\/wp-content\/uploads\/2025\/02\/campingouvertalannee-verdon.jpg 1200w, https:\/\/www.auxvallons.fr\/wp-content\/uploads\/2025\/02\/campingouvertalannee-verdon-300x225.jpg 300w, https:\/\/www.auxvallons.fr\/wp-content\/uploads\/2025\/02\/campingouvertalannee-verdon-1024x768.jpg 1024w, https:\/\/www.auxvallons.fr\/wp-content\/uploads\/2025\/02\/campingouvertalannee-verdon-768x576.jpg 768w, https:\/\/www.auxvallons.fr\/wp-content\/uploads\/2025\/02\/campingouvertalannee-verdon-500x375.jpg 500w, https:\/\/www.auxvallons.fr\/wp-content\/uploads\/2025\/02\/campingouvertalannee-verdon-800x600.jpg 800w\" sizes=\"auto, (max-width: 1200px) 100vw, 1200px\" \/><\/noscript><img decoding=\"async\" width=\"1200\" height=\"900\" src=\"https:\/\/www.auxvallons.fr\/wp-content\/uploads\/2025\/02\/campingouvertalannee-verdon.jpg\" class=\"wp-image-3590 vp-lazyload\" alt=\"campsite open all year in Verdon\" srcset=\"data:image\/svg+xml;base64,PHN2ZyB3aWR0aD0iMTIwMCIgaGVpZ2h0PSI5MDAiIHZpZXdCb3g9IjAgMCAxMjAwIDkwMCIgZmlsbD0ibm9uZSIgeG1sbnM9Imh0dHA6Ly93d3cudzMub3JnLzIwMDAvc3ZnIj48L3N2Zz4=\" data-src=\"https:\/\/www.auxvallons.fr\/wp-content\/uploads\/2025\/02\/campingouvertalannee-verdon.jpg\" data-srcset=\"https:\/\/www.auxvallons.fr\/wp-content\/uploads\/2025\/02\/campingouvertalannee-verdon.jpg 1200w, https:\/\/www.auxvallons.fr\/wp-content\/uploads\/2025\/02\/campingouvertalannee-verdon-300x225.jpg 300w, https:\/\/www.auxvallons.fr\/wp-content\/uploads\/2025\/02\/campingouvertalannee-verdon-1024x768.jpg 1024w, https:\/\/www.auxvallons.fr\/wp-content\/uploads\/2025\/02\/campingouvertalannee-verdon-768x576.jpg 768w, https:\/\/www.auxvallons.fr\/wp-content\/uploads\/2025\/02\/campingouvertalannee-verdon-500x375.jpg 500w, https:\/\/www.auxvallons.fr\/wp-content\/uploads\/2025\/02\/campingouvertalannee-verdon-800x600.jpg 800w\" data-sizes=\"auto\" loading=\"eager\">\n\t\t<div class=\"vp-portfolio__item-overlay\">\n\t\t\t\t\t<\/div>\n\n\t\t<\/a>\t<\/div>\n<\/div>\n\n\t\t\t<\/figure>\n\t\t\t\t\t<\/div>\n\t\t\n\t\t<div\t\tclass=\"vp-portfolio__item-wrap vp-portfolio__item-uid-8e7868fe\" data-vp-filter=\"\" \t\t>\n\t\t\t<template class=\"vp-portfolio__item-popup\" style=\"display: none\" data-vp-popup-img=\"https:\/\/www.auxvallons.fr\/wp-content\/uploads\/2025\/02\/camping-var-animations.jpg\" data-vp-popup-img-srcset=\"https:\/\/www.auxvallons.fr\/wp-content\/uploads\/2025\/02\/camping-var-animations.jpg 900w, https:\/\/www.auxvallons.fr\/wp-content\/uploads\/2025\/02\/camping-var-animations-225x300.jpg 225w, https:\/\/www.auxvallons.fr\/wp-content\/uploads\/2025\/02\/camping-var-animations-769x1024.jpg 769w, https:\/\/www.auxvallons.fr\/wp-content\/uploads\/2025\/02\/camping-var-animations-768x1023.jpg 768w, https:\/\/www.auxvallons.fr\/wp-content\/uploads\/2025\/02\/camping-var-animations-500x666.jpg 500w, https:\/\/www.auxvallons.fr\/wp-content\/uploads\/2025\/02\/camping-var-animations-800x1066.jpg 800w\" data-vp-popup-img-size=\"900x1199\" data-vp-popup-md-img=\"https:\/\/www.auxvallons.fr\/wp-content\/uploads\/2025\/02\/camping-var-animations-800x1066.jpg\" data-vp-popup-md-img-size=\"800x1066\" data-vp-popup-sm-img=\"https:\/\/www.auxvallons.fr\/wp-content\/uploads\/2025\/02\/camping-var-animations-500x666.jpg\" data-vp-popup-sm-img-size=\"500x666\">\n\t<\/template>\n\t\t\t\t\t\t<figure class=\"vp-portfolio__item\">\n\t\t\t\t\n<div class=\"vp-portfolio__item-img-wrap\">\n\t<div class=\"vp-portfolio__item-img\">\n\t\t\t<a\n\t\thref=\"https:\/\/www.auxvallons.fr\/wp-content\/uploads\/2025\/02\/camping-var-animations.jpg\"\n\t\taria-label=\"Open image\" \t>\n\t\n\t\t<noscript><img loading=\"lazy\" decoding=\"async\" width=\"900\" height=\"1199\" data-skip-lazy src=\"https:\/\/www.auxvallons.fr\/wp-content\/uploads\/2025\/02\/camping-var-animations.jpg\" class=\"wp-image-3589\" alt=\"campsite in the Var with entertainment\" srcset=\"https:\/\/www.auxvallons.fr\/wp-content\/uploads\/2025\/02\/camping-var-animations.jpg 900w, https:\/\/www.auxvallons.fr\/wp-content\/uploads\/2025\/02\/camping-var-animations-225x300.jpg 225w, https:\/\/www.auxvallons.fr\/wp-content\/uploads\/2025\/02\/camping-var-animations-769x1024.jpg 769w, https:\/\/www.auxvallons.fr\/wp-content\/uploads\/2025\/02\/camping-var-animations-768x1023.jpg 768w, https:\/\/www.auxvallons.fr\/wp-content\/uploads\/2025\/02\/camping-var-animations-500x666.jpg 500w, https:\/\/www.auxvallons.fr\/wp-content\/uploads\/2025\/02\/camping-var-animations-800x1066.jpg 800w\" sizes=\"auto, (max-width: 900px) 100vw, 900px\" \/><\/noscript><img decoding=\"async\" width=\"900\" height=\"1199\" src=\"https:\/\/www.auxvallons.fr\/wp-content\/uploads\/2025\/02\/camping-var-animations.jpg\" class=\"wp-image-3589 vp-lazyload\" alt=\"campsite in the Var with entertainment\" srcset=\"data:image\/svg+xml;base64,PHN2ZyB3aWR0aD0iOTAwIiBoZWlnaHQ9IjExOTkiIHZpZXdCb3g9IjAgMCA5MDAgMTE5OSIgZmlsbD0ibm9uZSIgeG1sbnM9Imh0dHA6Ly93d3cudzMub3JnLzIwMDAvc3ZnIj48L3N2Zz4=\" data-src=\"https:\/\/www.auxvallons.fr\/wp-content\/uploads\/2025\/02\/camping-var-animations.jpg\" data-srcset=\"https:\/\/www.auxvallons.fr\/wp-content\/uploads\/2025\/02\/camping-var-animations.jpg 900w, https:\/\/www.auxvallons.fr\/wp-content\/uploads\/2025\/02\/camping-var-animations-225x300.jpg 225w, https:\/\/www.auxvallons.fr\/wp-content\/uploads\/2025\/02\/camping-var-animations-769x1024.jpg 769w, https:\/\/www.auxvallons.fr\/wp-content\/uploads\/2025\/02\/camping-var-animations-768x1023.jpg 768w, https:\/\/www.auxvallons.fr\/wp-content\/uploads\/2025\/02\/camping-var-animations-500x666.jpg 500w, https:\/\/www.auxvallons.fr\/wp-content\/uploads\/2025\/02\/camping-var-animations-800x1066.jpg 800w\" data-sizes=\"auto\" loading=\"eager\">\n\t\t<div class=\"vp-portfolio__item-overlay\">\n\t\t\t\t\t<\/div>\n\n\t\t<\/a>\t<\/div>\n<\/div>\n\n\t\t\t<\/figure>\n\t\t\t\t\t<\/div>\n\t\t\n<\/div>\n\t\t<\/div>\n\t\t\n<\/div>\n<\/div>\n\n\n<h4 class=\"wp-block-heading\">family campsite accepting pets in Verdon<\/h4>\n\n\n\n<div class=\"wp-block-stackable-columns aligncenter stk-block-columns stk-block stk-52a4145\" data-block-id=\"52a4145\"><div class=\"stk-row stk-inner-blocks stk-block-content stk-content-align stk-52a4145-column\">\n<div class=\"wp-block-stackable-column stk-block-column stk-column stk-block stk-285d624\" data-v=\"4\" data-block-id=\"285d624\"><style>@media screen and (min-width: 768px){.stk-285d624 {flex:var(--stk-flex-grow, 1) 1 33.3% !important;}}<\/style><div class=\"stk-column-wrapper stk-block-column__content stk-container stk-285d624-container stk--no-background stk--no-padding\"><div class=\"stk-block-content stk-inner-blocks stk-285d624-inner-blocks\">\n<figure class=\"wp-block-image size-full\" data-block-type=\"core\"><img loading=\"lazy\" decoding=\"async\" width=\"300\" height=\"200\" src=\"https:\/\/auxvallons.fr\/wp-content\/uploads\/2024\/12\/camping-verdon-chiens-acceptes.jpg\" alt=\"camping verdon dogs accepted\" class=\"wp-image-3079\"\/><\/figure>\n<\/div><\/div><\/div>\n\n\n\n<div class=\"wp-block-stackable-column stk-block-column stk-column stk-block stk-df609f7\" data-v=\"4\" data-block-id=\"df609f7\"><style>@media screen and (min-width: 768px){.stk-df609f7 {flex:var(--stk-flex-grow, 1) 1 66.7% !important;}}<\/style><div class=\"stk-column-wrapper stk-block-column__content stk-container stk-df609f7-container stk--no-background stk--no-padding\"><div class=\"stk-block-content stk-inner-blocks stk-df609f7-inner-blocks\">\n<p data-block-type=\"core\">Our four-legged friends are welcome depending on the period and conditions. They must have a vaccination certificate and must be kept on a lead. Please let us know when booking.<\/p>\n<\/div><\/div><\/div>\n<\/div><\/div>\n\n\n\n<p data-block-type=\"core\">Book your&nbsp;<a href=\"https:\/\/www.auxvallons.fr\/en\/rentals-verdon-83\/\">family holiday rental in haut-Var<\/a>&nbsp;- Book your&nbsp;<a href=\"https:\/\/www.auxvallons.fr\/en\/locations\/\">camping pitch near the Gorges du Verdon<\/a><\/p>\n\n\n\n<p data-block-type=\"core\"><em>Verdon (83) family campsite accepting pets<\/em><\/p>","protected":false},"excerpt":{"rendered":"<p>Les \u00e9quipements et services du camping Dans le b\u00e2timent d\u2019accueil, une grande salle est \u00e0 votre disposition avec t\u00e9l\u00e9vision, vente de boissons, restauration ainsi que d\u00e9p\u00f4t de pain frais dans votre\u00a0camping familial du Verdon. Vos services R\u00e9ception ouverte de 9h30 \u00e0 12h00et de 15h00 \u00e0 19h00 Pizzeria, restauration, bar, d\u00e9p\u00f4t de pain frais et viennoiseries. [&hellip;]<\/p>\n","protected":false},"author":1,"featured_media":3588,"parent":0,"menu_order":0,"comment_status":"closed","ping_status":"closed","template":"","meta":{"_acf_changed":false,"_seopress_robots_primary_cat":"","_seopress_titles_title":"Camping gorges du Verdon acceptant les animaux | Aux Vallons","_seopress_titles_desc":"R\u00e9servez votre emplacement de camping ou locatif dans un beau camping du Verdon qui accepte les animaux.","_seopress_robots_index":"","_vp_format_video_url":"","_vp_image_focal_point":{"x":0.5,"y":0.8},"footnotes":""},"class_list":["post-300","page","type-page","status-publish","has-post-thumbnail","hentry"],"acf":[],"_links":{"self":[{"href":"https:\/\/www.auxvallons.fr\/en\/wp-json\/wp\/v2\/pages\/300","targetHints":{"allow":["GET"]}}],"collection":[{"href":"https:\/\/www.auxvallons.fr\/en\/wp-json\/wp\/v2\/pages"}],"about":[{"href":"https:\/\/www.auxvallons.fr\/en\/wp-json\/wp\/v2\/types\/page"}],"author":[{"embeddable":true,"href":"https:\/\/www.auxvallons.fr\/en\/wp-json\/wp\/v2\/users\/1"}],"replies":[{"embeddable":true,"href":"https:\/\/www.auxvallons.fr\/en\/wp-json\/wp\/v2\/comments?post=300"}],"version-history":[{"count":0,"href":"https:\/\/www.auxvallons.fr\/en\/wp-json\/wp\/v2\/pages\/300\/revisions"}],"wp:featuredmedia":[{"embeddable":true,"href":"https:\/\/www.auxvallons.fr\/en\/wp-json\/wp\/v2\/media\/3588"}],"wp:attachment":[{"href":"https:\/\/www.auxvallons.fr\/en\/wp-json\/wp\/v2\/media?parent=300"}],"curies":[{"name":"wp","href":"https:\/\/api.w.org\/{rel}","templated":true}]}}